{"id":18241,"date":"2022-07-19T18:09:20","date_gmt":"2022-07-19T18:09:20","guid":{"rendered":"https:\/\/beyondtype2.org\/resources\/entrevista-estefania\/"},"modified":"2022-07-19T18:09:20","modified_gmt":"2022-07-19T18:09:20","slug":"entrevista-estefania","status":"publish","type":"resources","link":"https:\/\/beyondtype1.org\/es\/entrevista-estefania\/","title":{"rendered":"Trabajando por y para la comunidad de diabetes. Una entrevista con Estefan\u00eda."},"content":{"rendered":"<p><span style=\"font-weight: 400;\">Estefan&iacute;a tiene&nbsp; 27 a&ntilde;os. Ella fue diagnosticada con diabetes tipo 1 a los 2 a&ntilde;os y vive en Argentina. Actualmente, Estefan&iacute;a es estudiante de medicina. Ella busca ser pediatra especialista en diabetes. Es adem&aacute;s una de las activistas m&aacute;s reconocidas en el mundo de la diabetes. Cree firmemente en que poder elevar nuestra propia voz es fundamental para generar cambios en la vida de todas aquellas personas que viven con diabetes. Ella se form&oacute; a lo largo de los a&ntilde;os tanto en la <a href=\"https:\/\/cuidar.org\/\" target=\"_blank\" rel=\"noopener noreferrer\">Asociaci&oacute;n para el Cuidado de la Diabetes en Argentina CUI.D.AR<\/a>, como tambi&eacute;n en el <a href=\"https:\/\/idf.org\/our-network\/young-leaders.html#:~:text=The%20IDF%20Young%20Leaders%20in,in%20and%20build%20others%20up.\" target=\"_blank\" rel=\"noopener noreferrer\">Programa Young Leaders in Diabetes (YLD) de la Federaci&oacute;n Internacional de Diabetes (IDF).&nbsp;<\/a><\/span><\/p>\n<p><span style=\"font-weight: 400;\">Hoy en d&iacute;a es Joven L&iacute;der de CUI.D.AR. Ella trabaja en las &aacute;reas de Advocacy y en la creaci&oacute;n y desarrollo de actividades y proyectos relacionados con ni&ntilde;os, ni&ntilde;as y adolescentes. Estefan&iacute;a es una de las Mentoras, a nivel global, del Programa de YLD de IDF.&nbsp; Adem&aacute;s, es consultora para Beyond Type 1 donde se encarga de la <a href=\"https:\/\/it.beyondtype1.org\/\" target=\"_blank\" rel=\"noopener noreferrer\">p&aacute;gina<\/a> y <a href=\"https:\/\/www.facebook.com\/BeyondType1IT\" target=\"_blank\" rel=\"noopener noreferrer\">redes sociales en italiano<\/a>.&nbsp; Nos encantar&aacute; que la conozcas.&nbsp;<\/span><\/p>\n<p><b>Si tuvieras que presentarme en una oraci&oacute;n para la gente que a&uacute;n no te conoce &iquest;c&oacute;mo te presentar&iacute;as&nbsp;<\/b><\/p>\n<p><span style=\"font-weight: 400;\">Soy Estefi, tengo 27 a&ntilde;os, vivo con diabetes tipo 1 desde los 2 a&ntilde;os de vida y soy activista en el mundo de la diabetes porque creo que para generar cambios, debemos involucrarnos, ser parte y trabajar por mejorar la calidad de vida de quienes vivimos con diabetes.&nbsp;<\/span><\/p>\n<p><b>Sabemos que eres l&iacute;der en una de las organizaciones m&aacute;s importantes de Am&eacute;rica Latina y sabemos que tu mam&aacute; es figura clave. &iquest;Qu&eacute; significado tiene eso para ti?&nbsp;<\/b><\/p>\n<p><span style=\"font-weight: 400;\">CUI.D.AR fue creada gracias a la iniciativa, la inquietud y la necesidad de padres de ni&ntilde;os con esta condici&oacute;n cr&oacute;nica. Sin dudas mi mam&aacute; fue un engranaje clave para que esto sucediera, algunos poquitos a&ntilde;os despu&eacute;s de mi diagn&oacute;stico.&nbsp;<\/span><\/p>\n<p><span style=\"font-weight: 400;\">Esto para mi tiene un significado enorme y que me atraviesa de distintas maneras. Por un lado significa el inmenso amor de una madre a&nbsp; su hija. CUI.D.AR representa el poder decir &laquo;no vas a estar sola en este camino con la diabetes, no va a faltarte informaci&oacute;n, educaci&oacute;n, y podr&aacute;s llevar una vida como la de cualquier otra persona.&raquo;&nbsp;<\/span><\/p>\n<p><span style=\"font-weight: 400;\">Tambi&eacute;n me atraviesa la fortaleza de ella, no solo de haber tenido que enfrentarse a la situaci&oacute;n de una ni&ntilde;a con solo 2 a&ntilde;os y con diabetes tipo 1, sino tambi&eacute;n de tener ese hambre de ir por m&aacute;s, de encontrar a otros, de trabajar por otros.&nbsp;<\/span><\/p>\n<p><span style=\"font-weight: 400;\">Sin dudas, todo lo que soy hoy, se lo debo a ella. La pasi&oacute;n que siento por cada proyecto que emprendemos, la pasi&oacute;n por acompa&ntilde;ar a los m&aacute;s chiquitos en la manera en que lo hago, es porque la tuve a ella que me acompa&ntilde;&oacute; a mi, como creo que ninguna otra persona podr&iacute;a haberlo hecho.&nbsp;<\/span><\/p>\n<p><span style=\"font-weight: 400;\">Mi mam&aacute; me hizo entender que la vida con diabetes, no era m&aacute;s que la vida misma. Que no hay que tener miedo a defender lo que es de uno y si es necesario defender o ayudar a otros, tambi&eacute;n tenemos que hacerlo.&nbsp;<\/span><\/p>\n<p><b>&iquest;Cu&aacute;l crees que es el papel del apoyo familiar y social cuando vivimos con enfermedades o condiciones cr&oacute;nicas de salud?<\/b><\/p>\n<p><span style=\"font-weight: 400;\">Es un papel fundamental. El primer c&iacute;rculo de contenci&oacute;n cuando llega una condici&oacute;n de salud y a&uacute;n m&aacute;s cuando es cr&oacute;nica, es la familia. <a href=\"https:\/\/beyondtype1.org\/es\/diabetes-tipo-1-en-familia\/\">El apoyo de la familia<\/a> es el que nos permite salir adelante cuando nos caemos. Son los que m&aacute;s pueden entender lo que sentimos, si bien no pueden entendernos al 100%. Nuestra familia es la que nos da la mano y nos ayuda a transitar este nuevo camino desconocido, pero que sabemos ser&aacute; el camino que tendremos que atravesar a lo largo de toda nuestra vida, hasta que una cura se encuentre.&nbsp;<\/span><\/p>\n<p><span style=\"font-weight: 400;\">Nuestra familia es la que nos da las herramientas, la fortaleza para despu&eacute;s enfrentarnos a una sociedad que quiz&aacute;s puede ser complicada por momentos.&nbsp;<\/span><\/p>\n<p><span style=\"font-weight: 400;\">Sabemos que al lugar del mundo al que vayamos, la diabetes tipo 1 es bastante desconocida, poco se sabe, y ese desconocimiento hace que los temores o la discriminaci&oacute;n salga a flote.&nbsp;<\/span><\/p>\n<p><span style=\"font-weight: 400;\">En lo personal no culpo a la sociedad. Uno poco sabe de lo que no le toca vivir. Es por eso que si bien quienes somos activistas trabajamos para concientizar, alzar la voz, generar campa&ntilde;as y movimientos, yo creo mucho en el famoso &ldquo;boca a boca&rdquo;. Creo mucho en el trabajo que podemos hacer individualmente quienes vivimos con diabetes.&nbsp;<\/span><\/p>\n<p><span style=\"font-weight: 400;\">Siempre doy el mismo ejemplo, yo no voy por la vida con un cartel luminoso que diga que tengo diabetes tipo 1, pero si en cualquier oportunidad de la vida, surge el tema y puedo compartir informaci&oacute;n, lo hago. Y en cualquier lugar, &iexcl;es cualquier lugar ja, ja! Un colectivo, un shopping, la escuela, la universidad, donde sea. El cambio siempre empieza por uno, y si queremos cambiar lo que hoy en d&iacute;a sabe la sociedad, tenemos que trabajar por ello, desde lo m&aacute;s peque&ntilde;o hasta lo m&aacute;s grande.&nbsp;<\/span><\/p>\n<p><b>&iquest;Cu&aacute;l y c&oacute;mo fue tu primera participaci&oacute;n personal y formal en la comunidad de diabetes en Argentina? &iquest;Qu&eacute; aprendiste?<\/b><\/p>\n<p><span style=\"font-weight: 400;\">&iexcl;Honestamente no recuerdo ja, ja! En CUI.D.AR yo empec&eacute; a participar como una ni&ntilde;a que viv&iacute;a con diabetes, los a&ntilde;os empezaron a pasar, empec&eacute; a crecer y ya no estaba siendo acompa&ntilde;ada por otro joven, sino que me encontraba yo acompa&ntilde;ando a los m&aacute;s chicos.&nbsp;<\/span><\/p>\n<p><span style=\"font-weight: 400;\">Lo que s&iacute; puedo decir es que en estos m&aacute;s de 10 a&ntilde;os de trabajo, aprend&iacute; muchas cosas. Aprend&iacute; el valor y el peso de las palabras. Aprend&iacute; que si uno no defiende sus derechos, nadie lo har&aacute; por uno. Aprend&iacute; que en equipo somos m&aacute;s fuertes. Aprend&iacute; tambi&eacute;n que el trabajo habla por uno y que como siempre se dice, los hechos hablan m&aacute;s que mil palabras. Aprend&iacute; que hay mucho por hacer, pero que para poder hacer y trabajar por otros, no es el mero hecho de querer hacerlo. En mi caso ser joven l&iacute;der no fue de la noche a la ma&ntilde;ana, tuve que capacitarme, formarme, entender qu&eacute; se necesita, en qu&eacute; cosas puedo ser &uacute;til, educarme, obtener herramientas. Uno se transforma en joven l&iacute;der o activista luego de a&ntilde;os de formaci&oacute;n.&nbsp;<\/span><\/p>\n<p><b>&iquest;Qu&eacute; est&aacute;s estudiando (nosotras sabemos que es medicina) y por qu&eacute;? &iquest;Tuvo que ver tu condici&oacute;n de vida con esta elecci&oacute;n?<\/b><b><\/b><\/p>\n<p><span style=\"font-weight: 400;\">Estudio medicina, por distintos motivos creo. Lo que m&aacute;s me apasiona es poder acompa&ntilde;ar a otros ni&ntilde;os, adolescentes y j&oacute;venes que viven con diabetes tipo 1. Supongo que porque solo conozco una vida con diabetes, dada la temprana edad de mi diagn&oacute;stico.&nbsp;<\/span><\/p>\n<p><span style=\"font-weight: 400;\">Pero tambi&eacute;n creo que el acompa&ntilde;amiento que yo recib&iacute; por parte de mi mam&aacute;, <a href=\"https:\/\/beyondtype1.org\/es\/guia-de-diabetes-tipo-1-para-hermanos\/\">de mi hermano<\/a>, de la escuela a la que fui, de CUI.D.AR, hace que quiera que todos reciban lo mismo. Y quiz&aacute;s es un sue&ntilde;o ut&oacute;pico, pero s&iacute; desde mi lugar, puedo lograr que eso suceda en la vida de otros ni&ntilde;os, sin dudas trabajar&eacute; por eso.&nbsp;<\/span><\/p>\n<p><b>&iquest;Cu&aacute;les crees que son los mensajes claves a transmitir a los ni&ntilde;os que viven con diabetes?<\/b><\/p>\n<p><span style=\"font-weight: 400;\">El primero y m&aacute;s importante es &iexcl;que no est&aacute;n solos! Que somos muchos, que podemos acompa&ntilde;arnos, divertirnos y tambi&eacute;n re&iacute;rnos de nuestra vida con diabetes.&nbsp;<\/span><\/p>\n<p><span style=\"font-weight: 400;\">Que a&uacute;n con diabetes pueden hacer una vida como la de cualquier otra persona.&nbsp;<\/span><\/p>\n<p><span style=\"font-weight: 400;\">Que de hecho la diabetes puede transformarse en una fortaleza. Creo que la diabetes nos da la oportunidad de tener hambre de m&aacute;s, a&uacute;n con ella acompa&ntilde;&aacute;ndonos.&nbsp;<\/span><\/p>\n<p><span style=\"font-weight: 400;\"><a href=\"https:\/\/beyondtype1.org\/es\/manejo-de-diabetes\/\">Que la educaci&oacute;n<\/a> es todo en la vida con diabetes. Podemos tener m&aacute;s o menos tecnolog&iacute;as, pero sin educaci&oacute;n no vamos a poder hacer uso correctamente de ella. Y que la tecnolog&iacute;a tampoco viene a solucionarnos la vida&hellip;s&iacute; nos ayuda, pero no podemos olvidarnos de contar hidratos, tomar decisiones, etc.&nbsp;<\/span><\/p>\n<p><span style=\"font-weight: 400;\">Y que no tengan miedo. Que no escondan su diabetes. Que la vida con ella puede ser por momentos un poco compleja, pero justamente es parte de la vida, y solo tenemos una. Si nos dejamos llevar s&oacute;lo por las cosas dif&iacute;ciles nos vamos a perder de disfrutar todo lo bello que tiene para ofrecernos.<\/span><\/p>\n<p><b>Plat&iacute;canos sobre tu trabajo actual (no relacionado con Beyond Type 1)<\/b><\/p>\n<p><span style=\"font-weight: 400;\">Hoy en d&iacute;a dentro de <a href=\"https:\/\/cuidar.org\/index.php\" target=\"_blank\" rel=\"noopener noreferrer\">CUI.D.AR<\/a> trabajo fuertemente en &aacute;reas de Advocacy, en incidencia en pol&iacute;ticas p&uacute;blicas, creo que aquellos que nos capacitamos y formamos, tenemos la obligaci&oacute;n de elevar la voz de todos aquellos que no son escuchados. Creo que<a href=\"https:\/\/cuidar.org\/index.php\" target=\"_blank\" rel=\"noopener noreferrer\"> CUI.D.AR<\/a> es una caja amplificadora que nos permite poder expresar nuestras necesidades, dificultados. Es por eso que el trabajo del d&iacute;a a d&iacute;a me permite no solo conocer cada vez m&aacute;s realidades sino tambi&eacute;n poder compartirlas y trabajar por mejorarlas.&nbsp;<\/span><\/p>\n<p><span style=\"font-weight: 400;\">Adem&aacute;s estoy a cargo de las <a href=\"https:\/\/cuidar.org\/actividades.php\" target=\"_blank\" rel=\"noopener noreferrer\">actividades<\/a> que est&aacute;n destinadas a ni&ntilde;os, adolescentes y j&oacute;venes. &iexcl;Debo confesar que es lo que m&aacute;s me gusta! En todos estos a&ntilde;os hemos desarrollada distintas actividades desde talleres de cocina, campamentos, pijamadas, encuentros deportivos, encuentros presenciales, virtuales, y en todos el factor com&uacute;n para mi, es poder transmitir conocimientos, experiencias y sobre todo la tranquilidad de que ese &ldquo;peque&rdquo; (como les digo a los m&aacute;s chiquitos), ya no est&aacute; solo.<\/span><\/p>\n<p><b>&iquest;Cu&aacute;l es el trabajo que realizas actualmente con Beyond Type 1<\/b><\/p>\n<p><span style=\"font-weight: 400;\">Mi trabajo hoy en d&iacute;a en Beyond Type 1, es poder compartir contenido e informaci&oacute;n a la comunidad con diabetes en <a href=\"https:\/\/it.beyondtype1.org\/\" target=\"_blank\" rel=\"noopener noreferrer\">Italia<\/a>. Tambi&eacute;n me gusta mucho poder conocer historias de italianos con diabetes y poder compartirlas en nuestra web y redes, porque todos nosotros somos protagonistas de nuestra historia. Y como dije hace poco, si bien tenemos una condici&oacute;n de salud no transmisible, estoy segura de que cada uno de nosotros tiene mucho por transmitir.&nbsp;<\/span><\/p>\n<p><b>&iquest;Por qu&eacute; crees que es importante?<\/b><b><\/b><\/p>\n<p><span style=\"font-weight: 400;\">Creo que es importante porque la informaci&oacute;n es poder. Tener informaci&oacute;n es poder mejorar nuestros cuidados, tener informaci&oacute;n es poder comprender cu&aacute;les son nuestros derechos y saber c&oacute;mo defenderlos. Tener informaci&oacute;n es lo m&aacute;s importante para la vida misma, tengamos o no diabetes. Y tambi&eacute;n creo que es importante el hecho de poder compartir historias, porque de esa manera es una forma de demostrarle a la comunidad italiana, que hay otros que como ellos viven con diabetes, que se conecten y puedan crear redes entre s&iacute;.&nbsp;<\/span><\/p>\n<p><b>&iquest;C&oacute;mo crees que est&aacute;s ayudando a otros?&nbsp;<\/b><b><\/b><\/p>\n<p><span style=\"font-weight: 400;\">Creo que poner sobre la mesa informaci&oacute;n, novedades, historias es una manera de visibilizar a las personas que vivimos con diabetes. No solo entre quienes tenemos diabetes, sino tambi&eacute;n en la sociedad en general. Como dije antes, para que la sociedad sepa de diabetes tipo 1, no es s&oacute;lo crear campa&ntilde;as y movimientos en redes sociales, tambi&eacute;n es un trabajito de hormiga que empieza por cada uno de nosotros.&nbsp;<\/span><\/p>\n<p><b>Trabajar en diabetes y vivir con diabetes, presenta retos adicionales?&nbsp; Por qu&eacute; si o por qu&eacute; no?&nbsp;<\/b><\/p>\n<p><span style=\"font-weight: 400;\">&iexcl;Qu&eacute; buena pregunta! &iexcl;S&iacute; y no ja, ja! S&iacute;, porque puede llegar un punto en el que todo se mezcle y uno se canse de cruzarse a la diabetes en todos los &aacute;mbitos de la vida pero creo que esto depende mucho de c&oacute;mo uno acept&oacute; o no a su diabetes o c&oacute;mo uno lleva adelante un trabajo con su salud mental. En lo personal las veces que fue un reto adicional, fue en algunos momentos puntuales que estaba un poco enojada con mi diabetes (s&iacute;, todos nos enojamos en alg&uacute;n momento con nuestra diabetes, a&uacute;n los activistas ja, ja, ja) En esos momentos no quer&iacute;a saber nada, o tampoco me gustaba querer transmitir positividad cuando yo no me sent&iacute;a positiva.&nbsp;<\/span><\/p>\n<p><span style=\"font-weight: 400;\">Ahora, sacando estos momentos particulares, que honestamente me ocurrieron 2 o 3 veces en mi vida, en mi caso no presenta retos adicionales. Yo me siento c&oacute;moda en el mundo de la diabetes, con mi experiencia, las herramientas que aprend&iacute; a lo largo del tiempo, las capacidades que hoy en d&iacute;a tengo. Vivir y trabajar con la diabetes es mi zona de confort.&nbsp; Me siento segura, me siento capaz, me siento fuerte y adem&aacute;s tambi&eacute;n me permite estar super informada sobre lo nuevo que vaya surgiendo en relaci&oacute;n a cuidados, tratamientos, etc.&nbsp;<\/span><\/p>\n<p><b>&iquest;Qu&eacute; esperas ver en los pr&oacute;ximos a&ntilde;os con respecto a la diabetes? Nuevas tecnolog&iacute;as?&nbsp;<\/b><\/p>\n<p><span style=\"font-weight: 400;\">Ojal&aacute; nuevos avances. Pero, creo que preferir&iacute;a hacer una pausa en la creaci&oacute;n de nuevas tecnolog&iacute;as y que el acceso a ellas sea para todos. De qu&eacute; sirve que existan m&aacute;s y m&aacute;s cosas si solo algunos pueden acceder a ellas. Todos tenemos derecho al mejor cuidado posible para tener una vida plena, sana y feliz. Entonces creo que estar&iacute;a bueno que todos los actores del mundo de la diabetes, trabaj&aacute;ramos por un acceso universal para todos. No puede ser que haya lugares en el mundo, como por ejemplo Argentina, en el que hay gente que no tiene tiras reactivas para medirse, o que no tiene insulina.&nbsp;<\/span><\/p>\n<p><b>&iquest;Esperas la cura? &iquest;Por qu&eacute; si o por qu&eacute; no?<\/b><\/p>\n<p><span style=\"font-weight: 400;\">Si llega, llega. Pero no es algo que me tenga con la mente ocupada. Creo que lo importante es cuidarse lo mejor posible, para que si en alg&uacute;n momento ese gran d&iacute;a llega, nuestro cuerpo y nuestra salud est&eacute;n lo mejor posible.&nbsp;<\/span><\/p>\n<p><b>Si pudieras dejarle un mensaje a una persona reci&eacute;n diagnosticada &iquest;qu&eacute; mensaje dejar&iacute;as?<\/b><span style=\"font-weight: 400;\">&nbsp;<\/span><\/p>\n<p><span style=\"font-weight: 400;\">Le dir&iacute;a que la diabetes es parte de la vida. Que hay que aprender a vivir con ella, formarse, educarse. Que podemos tener d&iacute;as buenos y malos pero que de los malos hay que salir r&aacute;pido. Que no est&aacute; solo, que no dude en pedir ayuda si la necesita. Que est&aacute; bien tener miedo al principio, pero que entienda que la diabetes, ser&aacute; una compa&ntilde;era de vida, que nosotros no tenemos que seguirla a ella, sino que ella tiene que seguirnos a nosotros. Que va a hacer una vida como la de cualquier otra persona, que va a alcanzar sus sue&ntilde;os, siempre que se lo proponga. Por &uacute;ltimo que elija ponerle humor a su diabetes, y eso tambi&eacute;n har&aacute; que todo sea m&aacute;s f&aacute;cil. <a href=\"https:\/\/beyondtype1.org\/es\/y-a-ti-te-define-la-diabetes\/\">Que la diabetes no lo define<\/a>, solo es algo que tiene.&nbsp;<\/span><\/p>\n<p><span style=\"font-weight: 400;\">Por &uacute;ltimo, me gustar&iacute;a compartir una frase que me encanta, es de una pel&iacute;cula, y que aplica a la diabetes pero tambi&eacute;n a la vida en general: &ldquo;La vida es cuesta arriba, pero la vista es genial&rdquo;.&nbsp;<\/span><\/p>\n<p><b>D&oacute;nde podemos leer m&aacute;s sobre ti<\/b><\/p>\n<p><span style=\"font-weight: 400;\">Los invito a seguirnos en todas las redes <a href=\"https:\/\/www.facebook.com\/cuidardiabetes\" target=\"_blank\" rel=\"noopener noreferrer\">Facebook<\/a>, <a href=\"https:\/\/www.instagram.com\/cuidardiabetes\/\" target=\"_blank\" rel=\"noopener noreferrer\">Instagram<\/a>, Twitter y <a href=\"https:\/\/www.youtube.com\/cuidardiabetes\" target=\"_blank\" rel=\"noopener noreferrer\">Youtube<\/a>, nos encuentran como @cuidardiabetes&nbsp;<\/span><\/p>\n<p>&nbsp;<\/p>\n\n","protected":false},"excerpt":{"rendered":"<p>Estefan&iacute;a tiene&nbsp; 27 a&ntilde;os. Ella fue diagnosticada con diabetes tipo 1 a los 2 a&ntilde;os y vive en Argentina. Actualmente, Estefan&iacute;a es estudiante de medicina. Ella busca ser pediatra especialista en diabetes. Es adem&aacute;s una de las activistas m&aacute;s reconocidas en el mundo de la diabetes. Cree firmemente en que poder elevar nuestra propia voz [&hellip;]<\/p>\n","protected":false},"author":5,"featured_media":18243,"comment_status":"open","ping_status":"open","template":"","meta":{"_acf_changed":false,"footnotes":""},"class_list":["post-18241","resources","type-resources","status-publish","has-post-thumbnail","hentry","diabetes-types-tipo-1","tags-argstory","tags-latesthome","tags-new_home_latest"],"acf":[],"yoast_head":"<!-- This site is optimized with the Yoast SEO plugin v27.0 - https:\/\/yoast.com\/product\/yoast-seo-wordpress\/ -->\n<title>Trabajando por y para la comunidad de diabetes. Una entrevista con Estefan\u00eda. | Beyond Type 1<\/title>\n<meta name=\"description\" content=\"Estefan\u00eda es una de las activistas de la diabetes m\u00e1s reconocidas en el mundo de habla hispana. Con\u00f3cela leyendo esta entrevista.\" \/>\n<meta name=\"robots\" content=\"index, follow, max-snippet:-1, max-image-preview:large, max-video-preview:-1\" \/>\n<link rel=\"canonical\" href=\"https:\/\/beyondtype1.org\/es\/entrevista-estefania\/\" \/>\n<meta property=\"og:locale\" content=\"es_ES\" \/>\n<meta property=\"og:type\" content=\"article\" \/>\n<meta property=\"og:title\" content=\"Trabajando por y para la comunidad de diabetes. Una entrevista con Estefan\u00eda. | Beyond Type 1\" \/>\n<meta property=\"og:description\" content=\"Estefan\u00eda es una de las activistas de la diabetes m\u00e1s reconocidas en el mundo de habla hispana. Con\u00f3cela leyendo esta entrevista.\" \/>\n<meta property=\"og:url\" content=\"https:\/\/beyondtype1.org\/es\/entrevista-estefania\/\" \/>\n<meta property=\"og:site_name\" content=\"Beyond Type 1\" \/>\n<meta property=\"article:publisher\" content=\"https:\/\/www.facebook.com\/beyondtype1\" \/>\n<meta property=\"og:image\" content=\"https:\/\/beyondtype1.org\/wp-content\/uploads\/2024\/11\/BT1-ESTEFANIA-HEADER.jpeg\" \/>\n\t<meta property=\"og:image:width\" content=\"1199\" \/>\n\t<meta property=\"og:image:height\" content=\"429\" \/>\n\t<meta property=\"og:image:type\" content=\"image\/jpeg\" \/>\n<meta name=\"twitter:card\" content=\"summary_large_image\" \/>\n<meta name=\"twitter:site\" content=\"@BeyondType1\" \/>\n<meta name=\"twitter:label1\" content=\"Tiempo de lectura\" \/>\n\t<meta name=\"twitter:data1\" content=\"13 minutos\" \/>\n<script type=\"application\/ld+json\" class=\"yoast-schema-graph\">{\"@context\":\"https:\/\/schema.org\",\"@graph\":[{\"@type\":\"WebPage\",\"@id\":\"https:\/\/beyondtype1.org\/es\/entrevista-estefania\/\",\"url\":\"https:\/\/beyondtype1.org\/es\/entrevista-estefania\/\",\"name\":\"Trabajando por y para la comunidad de diabetes. Una entrevista con Estefan\u00eda. | Beyond Type 1\",\"isPartOf\":{\"@id\":\"https:\/\/beyondtype1.org\/es\/#website\"},\"primaryImageOfPage\":{\"@id\":\"https:\/\/beyondtype1.org\/es\/entrevista-estefania\/#primaryimage\"},\"image\":{\"@id\":\"https:\/\/beyondtype1.org\/es\/entrevista-estefania\/#primaryimage\"},\"thumbnailUrl\":\"https:\/\/beyondtype1.org\/wp-content\/uploads\/2024\/11\/BT1-ESTEFANIA-HEADER.jpeg\",\"datePublished\":\"2022-07-19T18:09:20+00:00\",\"description\":\"Estefan\u00eda es una de las activistas de la diabetes m\u00e1s reconocidas en el mundo de habla hispana. Con\u00f3cela leyendo esta entrevista.\",\"breadcrumb\":{\"@id\":\"https:\/\/beyondtype1.org\/es\/entrevista-estefania\/#breadcrumb\"},\"inLanguage\":\"es\",\"potentialAction\":[{\"@type\":\"ReadAction\",\"target\":[\"https:\/\/beyondtype1.org\/es\/entrevista-estefania\/\"]}]},{\"@type\":\"ImageObject\",\"inLanguage\":\"es\",\"@id\":\"https:\/\/beyondtype1.org\/es\/entrevista-estefania\/#primaryimage\",\"url\":\"https:\/\/beyondtype1.org\/wp-content\/uploads\/2024\/11\/BT1-ESTEFANIA-HEADER.jpeg\",\"contentUrl\":\"https:\/\/beyondtype1.org\/wp-content\/uploads\/2024\/11\/BT1-ESTEFANIA-HEADER.jpeg\",\"width\":1199,\"height\":429},{\"@type\":\"BreadcrumbList\",\"@id\":\"https:\/\/beyondtype1.org\/es\/entrevista-estefania\/#breadcrumb\",\"itemListElement\":[{\"@type\":\"ListItem\",\"position\":1,\"name\":\"Home\",\"item\":\"https:\/\/beyondtype1.org\/es\/\"},{\"@type\":\"ListItem\",\"position\":2,\"name\":\"Trabajando por y para la comunidad de diabetes. Una entrevista con Estefan\u00eda.\"}]},{\"@type\":\"WebSite\",\"@id\":\"https:\/\/beyondtype1.org\/es\/#website\",\"url\":\"https:\/\/beyondtype1.org\/es\/\",\"name\":\"Beyond Type 1\",\"description\":\"Beyond Type 1 is the largest diabetes org online, funding advocacy, education and cure research.\",\"publisher\":{\"@id\":\"https:\/\/beyondtype1.org\/es\/#organization\"},\"potentialAction\":[{\"@type\":\"SearchAction\",\"target\":{\"@type\":\"EntryPoint\",\"urlTemplate\":\"https:\/\/beyondtype1.org\/es\/?s={search_term_string}\"},\"query-input\":{\"@type\":\"PropertyValueSpecification\",\"valueRequired\":true,\"valueName\":\"search_term_string\"}}],\"inLanguage\":\"es\"},{\"@type\":\"Organization\",\"@id\":\"https:\/\/beyondtype1.org\/es\/#organization\",\"name\":\"Beyond Type 1\",\"url\":\"https:\/\/beyondtype1.org\/es\/\",\"logo\":{\"@type\":\"ImageObject\",\"inLanguage\":\"es\",\"@id\":\"https:\/\/beyondtype1.org\/es\/#\/schema\/logo\/image\/\",\"url\":\"https:\/\/beyondtype1.org\/wp-content\/uploads\/2025\/08\/header-logo.svg\",\"contentUrl\":\"https:\/\/beyondtype1.org\/wp-content\/uploads\/2025\/08\/header-logo.svg\",\"width\":56,\"height\":56,\"caption\":\"Beyond Type 1\"},\"image\":{\"@id\":\"https:\/\/beyondtype1.org\/es\/#\/schema\/logo\/image\/\"},\"sameAs\":[\"https:\/\/www.facebook.com\/beyondtype1\",\"https:\/\/x.com\/BeyondType1\",\"http:\/\/instagram.com\/BeyondType1\/\",\"https:\/\/www.youtube.com\/c\/BeyondType1\",\"https:\/\/www.tiktok.com\/@beyondtype1\",\"https:\/\/www.linkedin.com\/company\/beyond-type1\/\"]}]}<\/script>\n<!-- \/ Yoast SEO plugin. -->","yoast_head_json":{"title":"Trabajando por y para la comunidad de diabetes. Una entrevista con Estefan\u00eda. | Beyond Type 1","description":"Estefan\u00eda es una de las activistas de la diabetes m\u00e1s reconocidas en el mundo de habla hispana. Con\u00f3cela leyendo esta entrevista.","robots":{"index":"index","follow":"follow","max-snippet":"max-snippet:-1","max-image-preview":"max-image-preview:large","max-video-preview":"max-video-preview:-1"},"canonical":"https:\/\/beyondtype1.org\/es\/entrevista-estefania\/","og_locale":"es_ES","og_type":"article","og_title":"Trabajando por y para la comunidad de diabetes. Una entrevista con Estefan\u00eda. | Beyond Type 1","og_description":"Estefan\u00eda es una de las activistas de la diabetes m\u00e1s reconocidas en el mundo de habla hispana. Con\u00f3cela leyendo esta entrevista.","og_url":"https:\/\/beyondtype1.org\/es\/entrevista-estefania\/","og_site_name":"Beyond Type 1","article_publisher":"https:\/\/www.facebook.com\/beyondtype1","og_image":[{"width":1199,"height":429,"url":"https:\/\/beyondtype1.org\/wp-content\/uploads\/2024\/11\/BT1-ESTEFANIA-HEADER.jpeg","type":"image\/jpeg"}],"twitter_card":"summary_large_image","twitter_site":"@BeyondType1","twitter_misc":{"Tiempo de lectura":"13 minutos"},"schema":{"@context":"https:\/\/schema.org","@graph":[{"@type":"WebPage","@id":"https:\/\/beyondtype1.org\/es\/entrevista-estefania\/","url":"https:\/\/beyondtype1.org\/es\/entrevista-estefania\/","name":"Trabajando por y para la comunidad de diabetes. Una entrevista con Estefan\u00eda. | Beyond Type 1","isPartOf":{"@id":"https:\/\/beyondtype1.org\/es\/#website"},"primaryImageOfPage":{"@id":"https:\/\/beyondtype1.org\/es\/entrevista-estefania\/#primaryimage"},"image":{"@id":"https:\/\/beyondtype1.org\/es\/entrevista-estefania\/#primaryimage"},"thumbnailUrl":"https:\/\/beyondtype1.org\/wp-content\/uploads\/2024\/11\/BT1-ESTEFANIA-HEADER.jpeg","datePublished":"2022-07-19T18:09:20+00:00","description":"Estefan\u00eda es una de las activistas de la diabetes m\u00e1s reconocidas en el mundo de habla hispana. Con\u00f3cela leyendo esta entrevista.","breadcrumb":{"@id":"https:\/\/beyondtype1.org\/es\/entrevista-estefania\/#breadcrumb"},"inLanguage":"es","potentialAction":[{"@type":"ReadAction","target":["https:\/\/beyondtype1.org\/es\/entrevista-estefania\/"]}]},{"@type":"ImageObject","inLanguage":"es","@id":"https:\/\/beyondtype1.org\/es\/entrevista-estefania\/#primaryimage","url":"https:\/\/beyondtype1.org\/wp-content\/uploads\/2024\/11\/BT1-ESTEFANIA-HEADER.jpeg","contentUrl":"https:\/\/beyondtype1.org\/wp-content\/uploads\/2024\/11\/BT1-ESTEFANIA-HEADER.jpeg","width":1199,"height":429},{"@type":"BreadcrumbList","@id":"https:\/\/beyondtype1.org\/es\/entrevista-estefania\/#breadcrumb","itemListElement":[{"@type":"ListItem","position":1,"name":"Home","item":"https:\/\/beyondtype1.org\/es\/"},{"@type":"ListItem","position":2,"name":"Trabajando por y para la comunidad de diabetes. Una entrevista con Estefan\u00eda."}]},{"@type":"WebSite","@id":"https:\/\/beyondtype1.org\/es\/#website","url":"https:\/\/beyondtype1.org\/es\/","name":"Beyond Type 1","description":"Beyond Type 1 is the largest diabetes org online, funding advocacy, education and cure research.","publisher":{"@id":"https:\/\/beyondtype1.org\/es\/#organization"},"potentialAction":[{"@type":"SearchAction","target":{"@type":"EntryPoint","urlTemplate":"https:\/\/beyondtype1.org\/es\/?s={search_term_string}"},"query-input":{"@type":"PropertyValueSpecification","valueRequired":true,"valueName":"search_term_string"}}],"inLanguage":"es"},{"@type":"Organization","@id":"https:\/\/beyondtype1.org\/es\/#organization","name":"Beyond Type 1","url":"https:\/\/beyondtype1.org\/es\/","logo":{"@type":"ImageObject","inLanguage":"es","@id":"https:\/\/beyondtype1.org\/es\/#\/schema\/logo\/image\/","url":"https:\/\/beyondtype1.org\/wp-content\/uploads\/2025\/08\/header-logo.svg","contentUrl":"https:\/\/beyondtype1.org\/wp-content\/uploads\/2025\/08\/header-logo.svg","width":56,"height":56,"caption":"Beyond Type 1"},"image":{"@id":"https:\/\/beyondtype1.org\/es\/#\/schema\/logo\/image\/"},"sameAs":["https:\/\/www.facebook.com\/beyondtype1","https:\/\/x.com\/BeyondType1","http:\/\/instagram.com\/BeyondType1\/","https:\/\/www.youtube.com\/c\/BeyondType1","https:\/\/www.tiktok.com\/@beyondtype1","https:\/\/www.linkedin.com\/company\/beyond-type1\/"]}]}},"_links":{"self":[{"href":"https:\/\/beyondtype1.org\/es\/wp-json\/wp\/v2\/resources\/18241","targetHints":{"allow":["GET"]}}],"collection":[{"href":"https:\/\/beyondtype1.org\/es\/wp-json\/wp\/v2\/resources"}],"about":[{"href":"https:\/\/beyondtype1.org\/es\/wp-json\/wp\/v2\/types\/resources"}],"author":[{"embeddable":true,"href":"https:\/\/beyondtype1.org\/es\/wp-json\/wp\/v2\/users\/5"}],"replies":[{"embeddable":true,"href":"https:\/\/beyondtype1.org\/es\/wp-json\/wp\/v2\/comments?post=18241"}],"version-history":[{"count":0,"href":"https:\/\/beyondtype1.org\/es\/wp-json\/wp\/v2\/resources\/18241\/revisions"}],"wp:featuredmedia":[{"embeddable":true,"href":"https:\/\/beyondtype1.org\/es\/wp-json\/wp\/v2\/media\/18243"}],"wp:attachment":[{"href":"https:\/\/beyondtype1.org\/es\/wp-json\/wp\/v2\/media?parent=18241"}],"curies":[{"name":"wp","href":"https:\/\/api.w.org\/{rel}","templated":true}]}}