{"id":29882,"date":"2016-07-19T19:36:23","date_gmt":"2016-07-19T19:36:23","guid":{"rendered":"https:\/\/beyondtype2.org\/?post_type=resources&#038;p=29882"},"modified":"2024-11-26T01:49:12","modified_gmt":"2024-11-26T01:49:12","slug":"crecimiento-cabello-dt1","status":"publish","type":"resources","link":"https:\/\/beyondtype1.org\/es\/crecimiento-cabello-dt1\/","title":{"rendered":"\u00bfPuede la diabetes tipo 1 afectar el crecimiento de tu cabello?"},"content":{"rendered":"<p><span style=\"font-weight: 400;\">&iquest;Puede la diabetes tipo 1 afectar el crecimiento de tu cabello? La respuesta es que s&iacute;. Diariamente nuestros cuerpos se someten a una enorme cantidad de estr&eacute;s f&iacute;sico para poder mantenerse al d&iacute;a con nuestra<\/span><a href=\"http:\/\/esbeyondtype1.wpengine.com\/vida-diaria\/\" target=\"_blank\" rel=\"noopener noreferrer\"><span style=\"font-weight: 400;\"> vida diaria<\/span><\/a><span style=\"font-weight: 400;\"> de alimentaci&oacute;n, ejercicio y procesamiento emocional. Debido a esto, el ciclo de crecimiento del cabello puede verse afectado por la combinaci&oacute;n del estr&eacute;s, el mal control del nivel de glucosa (az&uacute;car) en la sangre y el desequilibrio hormonal.<\/span><\/p>\n<h3><b>Nivel alto de glucosa (az&uacute;car) en la sangre<\/b><\/h3>\n<p><span style=\"font-weight: 400;\">Tener niveles altos de glucosa (az&uacute;car) pueden ocasionar la acumulaci&oacute;n de az&uacute;car en tu sangre. El exceso de az&uacute;car puede da&ntilde;ar los &oacute;rganos de tu cuerpo, incluyendo tus vasos sangu&iacute;neos. Tus vasos sangu&iacute;neos son los encargados de transportar el ox&iacute;geno y los nutrientes a trav&eacute;s de tu cuerpo para alimentar &oacute;rganos y tejidos. Si estos vasos sangu&iacute;neos est&aacute;n da&ntilde;ados, puede que no lleven el ox&iacute;geno de manera adecuada hasta tus fol&iacute;culos capilares, afectando as&iacute;, el ciclo de crecimiento de tu cabello.<\/span><\/p>\n<h3><b>El estr&eacute;s y las hormonas<\/b><\/h3>\n<p><span style=\"font-weight: 400;\">El impacto de la diabetes es agotador para tu cuerpo. El estr&eacute;s f&iacute;sico y emocional pueden tener un impacto directo en el ciclo del crecimiento de tu cabello. Estos niveles fluctuantes de hormonas afectan el proceso regenerativo de los fol&iacute;culos capilares.<\/span><\/p>\n<h3><b>Otros desencadenantes<\/b><\/h3>\n<p><span style=\"font-weight: 400;\">Si tienes balanceados tus niveles de glucosa (az&uacute;car) en la sangre y poco estr&eacute;s en tu vida y a&uacute;n as&iacute; sufres de p&eacute;rdida de cabello, visita a tu doctor y p&iacute;dele una explicaci&oacute;n adicional. Las personas con diabetes tipo 1 tienen un mayor riesgo de desarrollar complicaciones en la tiroides o enfermedad cel&iacute;aca, que tambi&eacute;n afecta el ciclo del crecimiento del cabello.<\/span><\/p>\n<h3><b>&iquest;C&oacute;mo prevenir la p&eacute;rdida del cabello?<\/b><\/h3>\n<ol>\n<li style=\"font-weight: 400;\"><b>&iexcl;Mantente al tanto de tus niveles de glucosa (az&uacute;car) en sangre! <\/b><span style=\"font-weight: 400;\">Revisa tu nivel de az&uacute;car en la sangre, mantente al tanto de tus niveles con tu <a href=\"https:\/\/beyondtype1.org\/es\/medidores-continuos-de-glucosa\/\">MCG<\/a> y siempre debes estar preparado(a). <\/span><\/li>\n<li style=\"font-weight: 400;\"><a href=\"https:\/\/beyondtype1.org\/es\/actividad-fisica\/\"><b>&iexcl;Ejerc&iacute;tate!<\/b><\/a><span style=\"font-weight: 400;\"> T&uacute; puedes reducir tus niveles de az&uacute;car en la sangre de manera natural a trav&eacute;s del ejercicio. Este mejora la entrega de ox&iacute;geno a las c&eacute;lulas corporales, incluyendo los fol&iacute;culos capilares. <\/span><\/li>\n<li style=\"font-weight: 400;\"><b>&iexcl;Desestr&eacute;sate!<\/b><span style=\"font-weight: 400;\"> La diabetes es estresante y puede llegar a ser una carga. Pero t&uacute; puedes tener el control de c&oacute;mo manejas y controlas tus niveles cada d&iacute;a. &iexcl;H&aacute;zte cargo de tu salud! <\/span><\/li>\n<li style=\"font-weight: 400;\"><b>El yoga y la meditaci&oacute;n pueden ser excelentes maneras de calmar tu estr&eacute;s.<\/b><span style=\"font-weight: 400;\"> Toma 10 minutos todas las ma&ntilde;anas o antes de ir a dormir para establecer un prop&oacute;sito para el d&iacute;a o para reflexionar. <\/span><\/li>\n<\/ol>\n<p><span style=\"font-weight: 400;\">Si padeces de p&eacute;rdida del cabello debido a la diabetes, EXHALA. Tu p&eacute;rdida de cabello posiblemente sea un problema temporal que puede ser solucionado con la combinaci&oacute;n de la reducci&oacute;n del estr&eacute;s y el control adecuado de tus niveles de az&uacute;car en la sangre.<\/span><\/p>\n<hr>\n<p><span style=\"font-weight: 400;\">Lee m&aacute;s de c&oacute;mo <\/span><a href=\"https:\/\/beyondtype1.org\/es\/control-de-natalidad-y-la-diabetes-tipo-1\/\"><span style=\"font-weight: 400;\">la diabetes tipo 1 afecta el control de la natalidad.<\/span><\/a><\/p>\n\n","protected":false},"excerpt":{"rendered":"<p>&iquest;Puede la diabetes tipo 1 afectar el crecimiento de tu cabello? La respuesta es que s&iacute;. Diariamente nuestros cuerpos se someten a una enorme cantidad de estr&eacute;s f&iacute;sico para poder mantenerse al d&iacute;a con nuestra vida diaria de alimentaci&oacute;n, ejercicio y procesamiento emocional. Debido a esto, el ciclo de crecimiento del cabello puede verse afectado [&hellip;]<\/p>\n","protected":false},"author":5,"featured_media":29883,"comment_status":"open","ping_status":"closed","template":"","meta":{"_acf_changed":false,"footnotes":""},"class_list":["post-29882","resources","type-resources","status-publish","has-post-thumbnail","hentry","content-categories-educacion","topics-manejo-de-la-diabetes","topics-tipos-de-diabetes-y-enfermedades","diabetes-types-tipo-1","tags-cuerpo","tags-dailylife-es","tags-dlbody-es","tags-vidadiaria"],"acf":[],"yoast_head":"<!-- This site is optimized with the Yoast SEO plugin v27.0 - https:\/\/yoast.com\/product\/yoast-seo-wordpress\/ -->\n<title>\u00bfPuede la diabetes tipo 1 afectar el crecimiento de tu cabello? | Beyond Type 1<\/title>\n<meta name=\"description\" content=\"\u00bfPuede la diabetes tipo 1 afectar el crecimiento de tu cabello? La respuesta es que s\u00ed. Conoce aqu\u00ed m\u00e1s sobre ello.\" \/>\n<meta name=\"robots\" content=\"index, follow, max-snippet:-1, max-image-preview:large, max-video-preview:-1\" \/>\n<link rel=\"canonical\" href=\"https:\/\/beyondtype1.org\/es\/crecimiento-cabello-dt1\/\" \/>\n<meta property=\"og:locale\" content=\"es_ES\" \/>\n<meta property=\"og:type\" content=\"article\" \/>\n<meta property=\"og:title\" content=\"\u00bfPuede la diabetes tipo 1 afectar el crecimiento de tu cabello? | Beyond Type 1\" \/>\n<meta property=\"og:description\" content=\"\u00bfPuede la diabetes tipo 1 afectar el crecimiento de tu cabello? La respuesta es que s\u00ed. Conoce aqu\u00ed m\u00e1s sobre ello.\" \/>\n<meta property=\"og:url\" content=\"https:\/\/beyondtype1.org\/es\/crecimiento-cabello-dt1\/\" \/>\n<meta property=\"og:site_name\" content=\"Beyond Type 1\" \/>\n<meta property=\"article:publisher\" content=\"https:\/\/www.facebook.com\/beyondtype1\" \/>\n<meta property=\"article:modified_time\" content=\"2024-11-26T01:49:12+00:00\" \/>\n<meta property=\"og:image\" content=\"https:\/\/beyondtype1.org\/wp-content\/uploads\/2024\/11\/BT1-HEADER-DIABETES-HAIR-GROWTH-1200x429-1.jpg\" \/>\n\t<meta property=\"og:image:width\" content=\"1200\" \/>\n\t<meta property=\"og:image:height\" content=\"429\" \/>\n\t<meta property=\"og:image:type\" content=\"image\/jpeg\" \/>\n<meta name=\"twitter:card\" content=\"summary_large_image\" \/>\n<meta name=\"twitter:site\" content=\"@BeyondType1\" \/>\n<meta name=\"twitter:label1\" content=\"Tiempo de lectura\" \/>\n\t<meta name=\"twitter:data1\" content=\"1 minuto\" \/>\n<script type=\"application\/ld+json\" class=\"yoast-schema-graph\">{\"@context\":\"https:\/\/schema.org\",\"@graph\":[{\"@type\":\"WebPage\",\"@id\":\"https:\/\/beyondtype1.org\/es\/crecimiento-cabello-dt1\/\",\"url\":\"https:\/\/beyondtype1.org\/es\/crecimiento-cabello-dt1\/\",\"name\":\"\u00bfPuede la diabetes tipo 1 afectar el crecimiento de tu cabello? | Beyond Type 1\",\"isPartOf\":{\"@id\":\"https:\/\/beyondtype1.org\/es\/#website\"},\"primaryImageOfPage\":{\"@id\":\"https:\/\/beyondtype1.org\/es\/crecimiento-cabello-dt1\/#primaryimage\"},\"image\":{\"@id\":\"https:\/\/beyondtype1.org\/es\/crecimiento-cabello-dt1\/#primaryimage\"},\"thumbnailUrl\":\"https:\/\/beyondtype1.org\/wp-content\/uploads\/2024\/11\/BT1-HEADER-DIABETES-HAIR-GROWTH-1200x429-1.jpg\",\"datePublished\":\"2016-07-19T19:36:23+00:00\",\"dateModified\":\"2024-11-26T01:49:12+00:00\",\"description\":\"\u00bfPuede la diabetes tipo 1 afectar el crecimiento de tu cabello? La respuesta es que s\u00ed. Conoce aqu\u00ed m\u00e1s sobre ello.\",\"breadcrumb\":{\"@id\":\"https:\/\/beyondtype1.org\/es\/crecimiento-cabello-dt1\/#breadcrumb\"},\"inLanguage\":\"es\",\"potentialAction\":[{\"@type\":\"ReadAction\",\"target\":[\"https:\/\/beyondtype1.org\/es\/crecimiento-cabello-dt1\/\"]}]},{\"@type\":\"ImageObject\",\"inLanguage\":\"es\",\"@id\":\"https:\/\/beyondtype1.org\/es\/crecimiento-cabello-dt1\/#primaryimage\",\"url\":\"https:\/\/beyondtype1.org\/wp-content\/uploads\/2024\/11\/BT1-HEADER-DIABETES-HAIR-GROWTH-1200x429-1.jpg\",\"contentUrl\":\"https:\/\/beyondtype1.org\/wp-content\/uploads\/2024\/11\/BT1-HEADER-DIABETES-HAIR-GROWTH-1200x429-1.jpg\",\"width\":1200,\"height\":429},{\"@type\":\"BreadcrumbList\",\"@id\":\"https:\/\/beyondtype1.org\/es\/crecimiento-cabello-dt1\/#breadcrumb\",\"itemListElement\":[{\"@type\":\"ListItem\",\"position\":1,\"name\":\"Home\",\"item\":\"https:\/\/beyondtype1.org\/es\/\"},{\"@type\":\"ListItem\",\"position\":2,\"name\":\"\u00bfPuede la diabetes tipo 1 afectar el crecimiento de tu cabello?\"}]},{\"@type\":\"WebSite\",\"@id\":\"https:\/\/beyondtype1.org\/es\/#website\",\"url\":\"https:\/\/beyondtype1.org\/es\/\",\"name\":\"Beyond Type 1\",\"description\":\"Beyond Type 1 is the largest diabetes org online, funding advocacy, education and cure research.\",\"publisher\":{\"@id\":\"https:\/\/beyondtype1.org\/es\/#organization\"},\"potentialAction\":[{\"@type\":\"SearchAction\",\"target\":{\"@type\":\"EntryPoint\",\"urlTemplate\":\"https:\/\/beyondtype1.org\/es\/?s={search_term_string}\"},\"query-input\":{\"@type\":\"PropertyValueSpecification\",\"valueRequired\":true,\"valueName\":\"search_term_string\"}}],\"inLanguage\":\"es\"},{\"@type\":\"Organization\",\"@id\":\"https:\/\/beyondtype1.org\/es\/#organization\",\"name\":\"Beyond Type 1\",\"url\":\"https:\/\/beyondtype1.org\/es\/\",\"logo\":{\"@type\":\"ImageObject\",\"inLanguage\":\"es\",\"@id\":\"https:\/\/beyondtype1.org\/es\/#\/schema\/logo\/image\/\",\"url\":\"https:\/\/beyondtype1.org\/wp-content\/uploads\/2025\/08\/header-logo.svg\",\"contentUrl\":\"https:\/\/beyondtype1.org\/wp-content\/uploads\/2025\/08\/header-logo.svg\",\"width\":56,\"height\":56,\"caption\":\"Beyond Type 1\"},\"image\":{\"@id\":\"https:\/\/beyondtype1.org\/es\/#\/schema\/logo\/image\/\"},\"sameAs\":[\"https:\/\/www.facebook.com\/beyondtype1\",\"https:\/\/x.com\/BeyondType1\",\"http:\/\/instagram.com\/BeyondType1\/\",\"https:\/\/www.youtube.com\/c\/BeyondType1\",\"https:\/\/www.tiktok.com\/@beyondtype1\",\"https:\/\/www.linkedin.com\/company\/beyond-type1\/\"]}]}<\/script>\n<!-- \/ Yoast SEO plugin. -->","yoast_head_json":{"title":"\u00bfPuede la diabetes tipo 1 afectar el crecimiento de tu cabello? | Beyond Type 1","description":"\u00bfPuede la diabetes tipo 1 afectar el crecimiento de tu cabello? La respuesta es que s\u00ed. Conoce aqu\u00ed m\u00e1s sobre ello.","robots":{"index":"index","follow":"follow","max-snippet":"max-snippet:-1","max-image-preview":"max-image-preview:large","max-video-preview":"max-video-preview:-1"},"canonical":"https:\/\/beyondtype1.org\/es\/crecimiento-cabello-dt1\/","og_locale":"es_ES","og_type":"article","og_title":"\u00bfPuede la diabetes tipo 1 afectar el crecimiento de tu cabello? | Beyond Type 1","og_description":"\u00bfPuede la diabetes tipo 1 afectar el crecimiento de tu cabello? La respuesta es que s\u00ed. Conoce aqu\u00ed m\u00e1s sobre ello.","og_url":"https:\/\/beyondtype1.org\/es\/crecimiento-cabello-dt1\/","og_site_name":"Beyond Type 1","article_publisher":"https:\/\/www.facebook.com\/beyondtype1","article_modified_time":"2024-11-26T01:49:12+00:00","og_image":[{"width":1200,"height":429,"url":"https:\/\/beyondtype1.org\/wp-content\/uploads\/2024\/11\/BT1-HEADER-DIABETES-HAIR-GROWTH-1200x429-1.jpg","type":"image\/jpeg"}],"twitter_card":"summary_large_image","twitter_site":"@BeyondType1","twitter_misc":{"Tiempo de lectura":"1 minuto"},"schema":{"@context":"https:\/\/schema.org","@graph":[{"@type":"WebPage","@id":"https:\/\/beyondtype1.org\/es\/crecimiento-cabello-dt1\/","url":"https:\/\/beyondtype1.org\/es\/crecimiento-cabello-dt1\/","name":"\u00bfPuede la diabetes tipo 1 afectar el crecimiento de tu cabello? | Beyond Type 1","isPartOf":{"@id":"https:\/\/beyondtype1.org\/es\/#website"},"primaryImageOfPage":{"@id":"https:\/\/beyondtype1.org\/es\/crecimiento-cabello-dt1\/#primaryimage"},"image":{"@id":"https:\/\/beyondtype1.org\/es\/crecimiento-cabello-dt1\/#primaryimage"},"thumbnailUrl":"https:\/\/beyondtype1.org\/wp-content\/uploads\/2024\/11\/BT1-HEADER-DIABETES-HAIR-GROWTH-1200x429-1.jpg","datePublished":"2016-07-19T19:36:23+00:00","dateModified":"2024-11-26T01:49:12+00:00","description":"\u00bfPuede la diabetes tipo 1 afectar el crecimiento de tu cabello? La respuesta es que s\u00ed. Conoce aqu\u00ed m\u00e1s sobre ello.","breadcrumb":{"@id":"https:\/\/beyondtype1.org\/es\/crecimiento-cabello-dt1\/#breadcrumb"},"inLanguage":"es","potentialAction":[{"@type":"ReadAction","target":["https:\/\/beyondtype1.org\/es\/crecimiento-cabello-dt1\/"]}]},{"@type":"ImageObject","inLanguage":"es","@id":"https:\/\/beyondtype1.org\/es\/crecimiento-cabello-dt1\/#primaryimage","url":"https:\/\/beyondtype1.org\/wp-content\/uploads\/2024\/11\/BT1-HEADER-DIABETES-HAIR-GROWTH-1200x429-1.jpg","contentUrl":"https:\/\/beyondtype1.org\/wp-content\/uploads\/2024\/11\/BT1-HEADER-DIABETES-HAIR-GROWTH-1200x429-1.jpg","width":1200,"height":429},{"@type":"BreadcrumbList","@id":"https:\/\/beyondtype1.org\/es\/crecimiento-cabello-dt1\/#breadcrumb","itemListElement":[{"@type":"ListItem","position":1,"name":"Home","item":"https:\/\/beyondtype1.org\/es\/"},{"@type":"ListItem","position":2,"name":"\u00bfPuede la diabetes tipo 1 afectar el crecimiento de tu cabello?"}]},{"@type":"WebSite","@id":"https:\/\/beyondtype1.org\/es\/#website","url":"https:\/\/beyondtype1.org\/es\/","name":"Beyond Type 1","description":"Beyond Type 1 is the largest diabetes org online, funding advocacy, education and cure research.","publisher":{"@id":"https:\/\/beyondtype1.org\/es\/#organization"},"potentialAction":[{"@type":"SearchAction","target":{"@type":"EntryPoint","urlTemplate":"https:\/\/beyondtype1.org\/es\/?s={search_term_string}"},"query-input":{"@type":"PropertyValueSpecification","valueRequired":true,"valueName":"search_term_string"}}],"inLanguage":"es"},{"@type":"Organization","@id":"https:\/\/beyondtype1.org\/es\/#organization","name":"Beyond Type 1","url":"https:\/\/beyondtype1.org\/es\/","logo":{"@type":"ImageObject","inLanguage":"es","@id":"https:\/\/beyondtype1.org\/es\/#\/schema\/logo\/image\/","url":"https:\/\/beyondtype1.org\/wp-content\/uploads\/2025\/08\/header-logo.svg","contentUrl":"https:\/\/beyondtype1.org\/wp-content\/uploads\/2025\/08\/header-logo.svg","width":56,"height":56,"caption":"Beyond Type 1"},"image":{"@id":"https:\/\/beyondtype1.org\/es\/#\/schema\/logo\/image\/"},"sameAs":["https:\/\/www.facebook.com\/beyondtype1","https:\/\/x.com\/BeyondType1","http:\/\/instagram.com\/BeyondType1\/","https:\/\/www.youtube.com\/c\/BeyondType1","https:\/\/www.tiktok.com\/@beyondtype1","https:\/\/www.linkedin.com\/company\/beyond-type1\/"]}]}},"_links":{"self":[{"href":"https:\/\/beyondtype1.org\/es\/wp-json\/wp\/v2\/resources\/29882","targetHints":{"allow":["GET"]}}],"collection":[{"href":"https:\/\/beyondtype1.org\/es\/wp-json\/wp\/v2\/resources"}],"about":[{"href":"https:\/\/beyondtype1.org\/es\/wp-json\/wp\/v2\/types\/resources"}],"author":[{"embeddable":true,"href":"https:\/\/beyondtype1.org\/es\/wp-json\/wp\/v2\/users\/5"}],"replies":[{"embeddable":true,"href":"https:\/\/beyondtype1.org\/es\/wp-json\/wp\/v2\/comments?post=29882"}],"version-history":[{"count":0,"href":"https:\/\/beyondtype1.org\/es\/wp-json\/wp\/v2\/resources\/29882\/revisions"}],"wp:featuredmedia":[{"embeddable":true,"href":"https:\/\/beyondtype1.org\/es\/wp-json\/wp\/v2\/media\/29883"}],"wp:attachment":[{"href":"https:\/\/beyondtype1.org\/es\/wp-json\/wp\/v2\/media?parent=29882"}],"curies":[{"name":"wp","href":"https:\/\/api.w.org\/{rel}","templated":true}]}}