{"id":30351,"date":"2019-05-13T15:50:00","date_gmt":"2019-05-13T15:50:00","guid":{"rendered":"https:\/\/beyondtype2.org\/resources\/el-manejo-de-mi-diabetes-tipo-2-durante-el-embarazo\/"},"modified":"2024-11-26T22:30:07","modified_gmt":"2024-11-26T22:30:07","slug":"el-manejo-de-mi-diabetes-tipo-2-durante-el-embarazo","status":"publish","type":"resources","link":"https:\/\/beyondtype1.org\/es\/el-manejo-de-mi-diabetes-tipo-2-durante-el-embarazo\/","title":{"rendered":"El manejo de mi diabetes tipo 2 durante el embarazo"},"content":{"rendered":"<p><i><span style=\"font-weight: 400;\">Ashley Leigh ha vivido con diabetes tipo 2 durante m&aacute;s de una d&eacute;cada. En esos a&ntilde;os, ella ha dado a luz a dos beb&eacute;s sanos. Ashley comparti&oacute; su historia con nosotros sobre c&oacute;mo manej&oacute; su diabetes durante el embarazo y los consejos que tiene para aquellas con diabetes tipo 2 que planean formar una familia. Para aprender sobre ella, echa un vistazo al blog de Ashley,<\/span><\/i> <a href=\"http:\/\/sneakersandmeters.com\/\" target=\"_blank\" rel=\"noopener noreferrer\"><b><i>Sneakers and Meters<\/i><\/b> <\/a><i><span style=\"font-weight: 400;\">(Zapatillas y medidores).<\/span><\/i><\/p>\n<hr>\n<h2><strong><img loading=\"lazy\" decoding=\"async\" class=\"size-medium wp-image-1093 alignleft\" src=\"https:\/\/beyondtype1.org\/wp-content\/uploads\/2024\/11\/profile-pic-1.jpg\" alt=\"\" width=\"504\" height=\"504\"><\/strong><\/h2>\n<h3><b>&iquest;Cu&aacute;ndo te diagnosticaron diabetes tipo 2? &iquest;Experimentaste alg&uacute;n s&iacute;ntoma? &iquest;Cu&aacute;l fue tu reacci&oacute;n y tu primer plan de acci&oacute;n?<\/b><\/h3>\n<p><span style=\"font-weight: 400;\">Me diagnosticaron hace unos 11 a&ntilde;os, alrededor de la edad de 25 a&ntilde;os. El camino a mi diagn&oacute;stico fue un poco extra&ntilde;o. Me diagnostic&oacute; un m&eacute;dico, luego me mud&eacute; y vi a un nuevo m&eacute;dico que me dijo que ten&iacute;a prediabetes. Luego me diagnostic&oacute; formalmente cuando necesitaba comenzar con la medicaci&oacute;n. Nunca he tenido ning&uacute;n s&iacute;ntoma o factor de riesgo, aparte de los antecedentes familiares. Mi diagn&oacute;stico fue determinado a trav&eacute;s de un an&aacute;lisis de sangre de rutina.&nbsp; <\/span><\/p>\n<p><span style=\"font-weight: 400;\">No reaccion&eacute; mucho a mi diagn&oacute;stico porque, honestamente, no sab&iacute;a lo que significar&iacute;a para m&iacute; m&aacute;s all&aacute; de tomar una pastilla. No recib&iacute; ning&uacute;n consejo nutricional real m&aacute;s all&aacute; de &laquo;cuida tu consumo de az&uacute;car y te ver&eacute; en unos meses&raquo;.<\/span><\/p>\n<h3><b>&iquest;Hay diabetes en tu familia?<\/b><\/h3>\n<p><span style=\"font-weight: 400;\">S&iacute;, soy la tercera generaci&oacute;n que tiene diabetes tipo 2, pero la m&aacute;s joven al momento del diagn&oacute;stico.<\/span><\/p>\n<h3><b>&iquest;C&oacute;mo fue tu cuidado antes y despu&eacute;s de tus embarazos? &iquest;Tus m&eacute;dicos tuvieron que ajustar tu medicaci&oacute;n? &iquest;Qu&eacute; cambios hicieron en tu dieta y r&eacute;gimen de ejercicio?<\/b><\/h3>\n<p><span style=\"font-weight: 400;\">Antes del embarazo, mi m&eacute;dico de atenci&oacute;n primaria controlaba mi diabetes. Cuando mencion&eacute; que est&aacute;bamos pensando en formar una familia, ella me recomend&oacute; una pr&aacute;ctica de medicina materno-fetal. Me sacaron de tomar Janumet y me pusieron de nuevo solo con metformina, que es seguro para todas las etapas del embarazo. Mi A1c estaba en m&aacute;s de 6.0, por lo que me dieron 30 d&iacute;as para ponerla por debajo de 6.0 o tendr&iacute;a que comenzar a utilizar la insulina.&nbsp; Tambi&eacute;n conoc&iacute; a una educadora certificada en diabetes por primera vez y ella me ense&ntilde;&oacute;<\/span> <b><i>mucho<\/i><\/b> <span style=\"font-weight: 400;\">en esa primera cita, desde la relaci&oacute;n entre los carbohidratos y las prote&iacute;nas hasta el plan de comidas de muestra de una semana. Ajust&eacute; mi dieta para reducir mi A1c y me dieron la autorizaci&oacute;n para dejar de tomar el control de la natalidad.<\/span><\/p>\n<p><span style=\"font-weight: 400;\">Yo, con la ayuda de algunas mujeres fant&aacute;sticas en mi pr&aacute;ctica de medicina materno-fetal, manej&eacute; mi glucosa en sangre con dieta, ejercicio y metformina por la mayor&iacute;a del tiempo de mis embarazos. Tuve que agregar glimepirida aproximadamente a la mitad de los dos trimestres mientras mi glucosa en sangre sub&iacute;a.&nbsp; <\/span><\/p>\n<p><span style=\"font-weight: 400;\">Volv&iacute; a tomar metformina despu&eacute;s de dar a luz a mi primer beb&eacute;. Despu&eacute;s del segundo, la metformina ya no estaba funcionando bien y mi ginec&oacute;logo me recomend&oacute; ver a un endocrin&oacute;logo. Busqu&eacute; uno y me puse a trabajar. Me tom&oacute; un par de a&ntilde;os probar diferentes combinaciones, pero ahora estoy bien con Trulicity y una dosis baja de metformina.<\/span><\/p>\n<h3><b>&iquest;Tus niveles de glucosa y tu presi&oacute;n sangu&iacute;nea fueron m&aacute;s altos, m&aacute;s bajos o iguales durante tus embarazos? &iquest;C&oacute;mo fueron monitoreados y puestos bajo control?<\/b><\/h3>\n<p><span style=\"font-weight: 400;\">Mi presi&oacute;n arterial se mantuvo casi igual en ambos embarazos. Sin embargo, segu&iacute; el camino de la mayor&iacute;a de las mujeres embarazadas: el nivel de glucosa en sangre era un poco m&aacute;s bajo al principio, y luego sub&iacute;a, especialmente en las &uacute;ltimas semanas. Revisaba mi nivel de glucosa en sangre de 4 a 5 veces al d&iacute;a, anotaba todo lo que com&iacute;a y lo revisaba todo con uno de los educadores certificados en diabetes en cada cita. Durante los primeros meses, las citas eran cada pocas semanas y siempre inclu&iacute;an una ecograf&iacute;a. Alrededor de las 32 semanas, comenc&eacute; las visitas semanales al consultorio con ecograf&iacute;as y pruebas sin estr&eacute;s.<\/span><\/p>\n<p><span style=\"font-weight: 400;\">Mi &uacute;ltima prueba sin estr&eacute;s mostr&oacute; una frecuencia card&iacute;aca fetal muy baja, por lo que me enviaron a la unidad de trabajo de parto y parto en el hospital, y luego a una ces&aacute;rea de emergencia (con el segundo). El cord&oacute;n estaba alrededor del cuello del beb&eacute; y luego me enter&eacute; de que mi placenta hab&iacute;a comenzado a romperse.&nbsp; Como dijo mi ginec&oacute;logo, &laquo;alguien te estaba cuidando&raquo;.<\/span><\/p>\n<h3><b>&iquest;Qu&eacute; preocupaciones expresaron los m&eacute;dicos sobre el embarazo y el posparto con diabetes? &iquest;Tuviste alguna y tus m&eacute;dicos escucharon tus inquietudes?<\/b><\/h3>\n<p><span style=\"font-weight: 400;\">Mis m&eacute;dicos compartieron todos los riesgos de tener un beb&eacute; y al mismo tiempo manejar la diabetes, incluidos defectos de nacimiento, aborto espont&aacute;neo, alto peso al nacer, etc. Se realizaron casi todas las pruebas que pudieron para descartar cualquier complicaci&oacute;n temprana en ambos embarazos.<\/span><\/p>\n<h3><b>&iquest;Qu&eacute; crees que deber&iacute;an saber las personas con diabetes tipo 2 que est&aacute;n planificando familias?<\/b><\/h3>\n<p><span style=\"font-weight: 400;\">Las mujeres que planean quedar o est&aacute;n embarazadas deben abogar por s&iacute; mismas y por su beb&eacute;. <\/span><a href=\"https:\/\/beyondtype1.org\/pregnancy-and-type-2-diabetes\/\" target=\"_blank\" rel=\"noopener noreferrer\"><b>Haz tus propias investigaciones,<\/b><\/a> <span style=\"font-weight: 400;\">haz preguntas y haz un plan con tu equipo de atenci&oacute;n para el embarazo y el parto. Si no te sientes c&oacute;moda, averigua por qu&eacute; y qu&eacute; necesitas cambiar.<\/span><\/p>\n<p><span style=\"font-weight: 400;\">No te dejes sorprender por una estancia en la unidad de cuidados intensivos. Despu&eacute;s de vivir en el &uacute;tero de una mujer con diabetes, el beb&eacute; puede tardar unos d&iacute;as en regular su propio nivel de glucosa en sangre. La diabetes tambi&eacute;n puede ser un factor que contribuye al nacimiento prematuro. Los dos m&iacute;os nacieron antes de tiempo, uno porque entr&eacute; en trabajo de parto prematuro y el segundo porque una prueba de rutina sin estr&eacute;s mostr&oacute; una frecuencia card&iacute;aca fetal extremadamente baja.<\/span><\/p>\n<p><span style=\"font-weight: 400;\">Diabetes o no, s&eacute; flexible con tu plan de parto. Mencion&eacute; entrar en trabajo de parto con mi primer beb&eacute;, pero aun as&iacute; termin&eacute; teniendo a ambos con ces&aacute;reas de emergencia, &iexcl;y est&aacute;n perfectamente sanos hoy!<\/span><\/p>\n<h3><b>&iquest;C&oacute;mo vives<\/b> <a href=\"https:\/\/beyondtype1.org\/beyondpowerful\/\" target=\"_blank\" rel=\"noopener noreferrer\"><b>#BeyondPowerful<\/b><\/a> <b>(m&aacute;s que poderosa) con diabetes y vives tu mejor vida?<\/b><\/h3>\n<p><span style=\"font-weight: 400;\">Aprovecho el tiempo para estar activa y espero con ansias d&iacute;as m&aacute;s c&aacute;lidos y m&aacute;s largos con mis hijos. Corr&iacute; mi primera media marat&oacute;n el a&ntilde;o pasado, eso fue un gran logro para m&iacute;.&nbsp; Estoy aprendiendo c&oacute;mo el entrenamiento de fuerza es una parte importante para estar saludable y a prevenir lesiones por uso excesivo. &iexcl;Haci&eacute;ndome m&aacute;s fuerte cada d&iacute;a!<\/span><\/p>\n<p><span style=\"font-weight: 400;\">&nbsp;<\/span><\/p>\n<p>https:\/\/beyondtype1.org\/es\/wp-content\/uploads\/2018\/11\/Tarabio.png<\/p>\n<p>T&rsquo;ara fue diagnosticada con diabetes Tipo 2 en Julio de 2017 a los 25 a&ntilde;os. Desde su diagn&oacute;stico concentr&oacute; sus estudios acad&eacute;micos y su carrera profesional en concientizaci&oacute;n de la diabetes y trabaja para vivir al m&aacute;ximo. Ella est&aacute; emocionada de unirse al equipo de Beyond Type 1 y continuar su trabaos. Cuando no est&aacute; trabajando Ella disfruta mucho ir al cine, visitar parques con su perro, escuchar BTS y cocinar alimentos saludables. Ella es nutri&oacute;loga de la Universidad Americana.<\/p>\n<p>DiabetesEmbarazoHistorias|stories|story<\/p>\n\n","protected":false},"excerpt":{"rendered":"<p>Ashley Leigh ha vivido con diabetes tipo 2 durante m&aacute;s de una d&eacute;cada. En esos a&ntilde;os, ella ha dado a luz a dos beb&eacute;s sanos. Ashley comparti&oacute; su historia con nosotros sobre c&oacute;mo manej&oacute; su diabetes durante el embarazo y los consejos que tiene para aquellas con diabetes tipo 2 que planean formar una familia. [&hellip;]<\/p>\n","protected":false},"author":5,"featured_media":30354,"comment_status":"open","ping_status":"open","template":"","meta":{"_acf_changed":false,"footnotes":""},"class_list":["post-30351","resources","type-resources","status-publish","has-post-thumbnail","hentry","diabetes-types-tipo-2","tags-diabetesembarazohistorias","tags-stories","tags-story"],"acf":[],"yoast_head":"<!-- This site is optimized with the Yoast SEO plugin v27.0 - https:\/\/yoast.com\/product\/yoast-seo-wordpress\/ -->\n<title>El manejo de mi diabetes tipo 2 durante el embarazo | Beyond Type 1<\/title>\n<meta name=\"description\" content=\"Ashley comparti\u00f3 su historia con nosotros sobre c\u00f3mo manej\u00f3 su diabetes durante el embarazo y los consejos que tiene para quienes desean formar una familia.\" \/>\n<meta name=\"robots\" content=\"index, follow, max-snippet:-1, max-image-preview:large, max-video-preview:-1\" \/>\n<link rel=\"canonical\" href=\"https:\/\/beyondtype1.org\/es\/el-manejo-de-mi-diabetes-tipo-2-durante-el-embarazo\/\" \/>\n<meta property=\"og:locale\" content=\"es_ES\" \/>\n<meta property=\"og:type\" content=\"article\" \/>\n<meta property=\"og:title\" content=\"El manejo de mi diabetes tipo 2 durante el embarazo | Beyond Type 1\" \/>\n<meta property=\"og:description\" content=\"Ashley comparti\u00f3 su historia con nosotros sobre c\u00f3mo manej\u00f3 su diabetes durante el embarazo y los consejos que tiene para quienes desean formar una familia.\" \/>\n<meta property=\"og:url\" content=\"https:\/\/beyondtype1.org\/es\/el-manejo-de-mi-diabetes-tipo-2-durante-el-embarazo\/\" \/>\n<meta property=\"og:site_name\" content=\"Beyond Type 1\" \/>\n<meta property=\"article:publisher\" content=\"https:\/\/www.facebook.com\/beyondtype1\" \/>\n<meta property=\"article:modified_time\" content=\"2024-11-26T22:30:07+00:00\" \/>\n<meta property=\"og:image\" content=\"https:\/\/beyondtype1.org\/wp-content\/uploads\/2024\/11\/BT2-HEADER-PREGNANCY-TYPE-2-1.png\" \/>\n\t<meta property=\"og:image:width\" content=\"2048\" \/>\n\t<meta property=\"og:image:height\" content=\"733\" \/>\n\t<meta property=\"og:image:type\" content=\"image\/png\" \/>\n<meta name=\"twitter:card\" content=\"summary_large_image\" \/>\n<meta name=\"twitter:site\" content=\"@BeyondType1\" \/>\n<meta name=\"twitter:label1\" content=\"Tiempo de lectura\" \/>\n\t<meta name=\"twitter:data1\" content=\"6 minutos\" \/>\n<script type=\"application\/ld+json\" class=\"yoast-schema-graph\">{\"@context\":\"https:\/\/schema.org\",\"@graph\":[{\"@type\":\"WebPage\",\"@id\":\"https:\/\/beyondtype1.org\/es\/el-manejo-de-mi-diabetes-tipo-2-durante-el-embarazo\/\",\"url\":\"https:\/\/beyondtype1.org\/es\/el-manejo-de-mi-diabetes-tipo-2-durante-el-embarazo\/\",\"name\":\"El manejo de mi diabetes tipo 2 durante el embarazo | Beyond Type 1\",\"isPartOf\":{\"@id\":\"https:\/\/beyondtype1.org\/es\/#website\"},\"primaryImageOfPage\":{\"@id\":\"https:\/\/beyondtype1.org\/es\/el-manejo-de-mi-diabetes-tipo-2-durante-el-embarazo\/#primaryimage\"},\"image\":{\"@id\":\"https:\/\/beyondtype1.org\/es\/el-manejo-de-mi-diabetes-tipo-2-durante-el-embarazo\/#primaryimage\"},\"thumbnailUrl\":\"https:\/\/beyondtype1.org\/wp-content\/uploads\/2024\/11\/BT2-HEADER-PREGNANCY-TYPE-2-1.png\",\"datePublished\":\"2019-05-13T15:50:00+00:00\",\"dateModified\":\"2024-11-26T22:30:07+00:00\",\"description\":\"Ashley comparti\u00f3 su historia con nosotros sobre c\u00f3mo manej\u00f3 su diabetes durante el embarazo y los consejos que tiene para quienes desean formar una familia.\",\"breadcrumb\":{\"@id\":\"https:\/\/beyondtype1.org\/es\/el-manejo-de-mi-diabetes-tipo-2-durante-el-embarazo\/#breadcrumb\"},\"inLanguage\":\"es\",\"potentialAction\":[{\"@type\":\"ReadAction\",\"target\":[\"https:\/\/beyondtype1.org\/es\/el-manejo-de-mi-diabetes-tipo-2-durante-el-embarazo\/\"]}]},{\"@type\":\"ImageObject\",\"inLanguage\":\"es\",\"@id\":\"https:\/\/beyondtype1.org\/es\/el-manejo-de-mi-diabetes-tipo-2-durante-el-embarazo\/#primaryimage\",\"url\":\"https:\/\/beyondtype1.org\/wp-content\/uploads\/2024\/11\/BT2-HEADER-PREGNANCY-TYPE-2-1.png\",\"contentUrl\":\"https:\/\/beyondtype1.org\/wp-content\/uploads\/2024\/11\/BT2-HEADER-PREGNANCY-TYPE-2-1.png\",\"width\":2048,\"height\":733},{\"@type\":\"BreadcrumbList\",\"@id\":\"https:\/\/beyondtype1.org\/es\/el-manejo-de-mi-diabetes-tipo-2-durante-el-embarazo\/#breadcrumb\",\"itemListElement\":[{\"@type\":\"ListItem\",\"position\":1,\"name\":\"Home\",\"item\":\"https:\/\/beyondtype1.org\/es\/\"},{\"@type\":\"ListItem\",\"position\":2,\"name\":\"El manejo de mi diabetes tipo 2 durante el embarazo\"}]},{\"@type\":\"WebSite\",\"@id\":\"https:\/\/beyondtype1.org\/es\/#website\",\"url\":\"https:\/\/beyondtype1.org\/es\/\",\"name\":\"Beyond Type 1\",\"description\":\"Beyond Type 1 is the largest diabetes org online, funding advocacy, education and cure research.\",\"publisher\":{\"@id\":\"https:\/\/beyondtype1.org\/es\/#organization\"},\"potentialAction\":[{\"@type\":\"SearchAction\",\"target\":{\"@type\":\"EntryPoint\",\"urlTemplate\":\"https:\/\/beyondtype1.org\/es\/?s={search_term_string}\"},\"query-input\":{\"@type\":\"PropertyValueSpecification\",\"valueRequired\":true,\"valueName\":\"search_term_string\"}}],\"inLanguage\":\"es\"},{\"@type\":\"Organization\",\"@id\":\"https:\/\/beyondtype1.org\/es\/#organization\",\"name\":\"Beyond Type 1\",\"url\":\"https:\/\/beyondtype1.org\/es\/\",\"logo\":{\"@type\":\"ImageObject\",\"inLanguage\":\"es\",\"@id\":\"https:\/\/beyondtype1.org\/es\/#\/schema\/logo\/image\/\",\"url\":\"https:\/\/beyondtype1.org\/wp-content\/uploads\/2025\/08\/header-logo.svg\",\"contentUrl\":\"https:\/\/beyondtype1.org\/wp-content\/uploads\/2025\/08\/header-logo.svg\",\"width\":56,\"height\":56,\"caption\":\"Beyond Type 1\"},\"image\":{\"@id\":\"https:\/\/beyondtype1.org\/es\/#\/schema\/logo\/image\/\"},\"sameAs\":[\"https:\/\/www.facebook.com\/beyondtype1\",\"https:\/\/x.com\/BeyondType1\",\"http:\/\/instagram.com\/BeyondType1\/\",\"https:\/\/www.youtube.com\/c\/BeyondType1\",\"https:\/\/www.tiktok.com\/@beyondtype1\",\"https:\/\/www.linkedin.com\/company\/beyond-type1\/\"]}]}<\/script>\n<!-- \/ Yoast SEO plugin. -->","yoast_head_json":{"title":"El manejo de mi diabetes tipo 2 durante el embarazo | Beyond Type 1","description":"Ashley comparti\u00f3 su historia con nosotros sobre c\u00f3mo manej\u00f3 su diabetes durante el embarazo y los consejos que tiene para quienes desean formar una familia.","robots":{"index":"index","follow":"follow","max-snippet":"max-snippet:-1","max-image-preview":"max-image-preview:large","max-video-preview":"max-video-preview:-1"},"canonical":"https:\/\/beyondtype1.org\/es\/el-manejo-de-mi-diabetes-tipo-2-durante-el-embarazo\/","og_locale":"es_ES","og_type":"article","og_title":"El manejo de mi diabetes tipo 2 durante el embarazo | Beyond Type 1","og_description":"Ashley comparti\u00f3 su historia con nosotros sobre c\u00f3mo manej\u00f3 su diabetes durante el embarazo y los consejos que tiene para quienes desean formar una familia.","og_url":"https:\/\/beyondtype1.org\/es\/el-manejo-de-mi-diabetes-tipo-2-durante-el-embarazo\/","og_site_name":"Beyond Type 1","article_publisher":"https:\/\/www.facebook.com\/beyondtype1","article_modified_time":"2024-11-26T22:30:07+00:00","og_image":[{"width":2048,"height":733,"url":"https:\/\/beyondtype1.org\/wp-content\/uploads\/2024\/11\/BT2-HEADER-PREGNANCY-TYPE-2-1.png","type":"image\/png"}],"twitter_card":"summary_large_image","twitter_site":"@BeyondType1","twitter_misc":{"Tiempo de lectura":"6 minutos"},"schema":{"@context":"https:\/\/schema.org","@graph":[{"@type":"WebPage","@id":"https:\/\/beyondtype1.org\/es\/el-manejo-de-mi-diabetes-tipo-2-durante-el-embarazo\/","url":"https:\/\/beyondtype1.org\/es\/el-manejo-de-mi-diabetes-tipo-2-durante-el-embarazo\/","name":"El manejo de mi diabetes tipo 2 durante el embarazo | Beyond Type 1","isPartOf":{"@id":"https:\/\/beyondtype1.org\/es\/#website"},"primaryImageOfPage":{"@id":"https:\/\/beyondtype1.org\/es\/el-manejo-de-mi-diabetes-tipo-2-durante-el-embarazo\/#primaryimage"},"image":{"@id":"https:\/\/beyondtype1.org\/es\/el-manejo-de-mi-diabetes-tipo-2-durante-el-embarazo\/#primaryimage"},"thumbnailUrl":"https:\/\/beyondtype1.org\/wp-content\/uploads\/2024\/11\/BT2-HEADER-PREGNANCY-TYPE-2-1.png","datePublished":"2019-05-13T15:50:00+00:00","dateModified":"2024-11-26T22:30:07+00:00","description":"Ashley comparti\u00f3 su historia con nosotros sobre c\u00f3mo manej\u00f3 su diabetes durante el embarazo y los consejos que tiene para quienes desean formar una familia.","breadcrumb":{"@id":"https:\/\/beyondtype1.org\/es\/el-manejo-de-mi-diabetes-tipo-2-durante-el-embarazo\/#breadcrumb"},"inLanguage":"es","potentialAction":[{"@type":"ReadAction","target":["https:\/\/beyondtype1.org\/es\/el-manejo-de-mi-diabetes-tipo-2-durante-el-embarazo\/"]}]},{"@type":"ImageObject","inLanguage":"es","@id":"https:\/\/beyondtype1.org\/es\/el-manejo-de-mi-diabetes-tipo-2-durante-el-embarazo\/#primaryimage","url":"https:\/\/beyondtype1.org\/wp-content\/uploads\/2024\/11\/BT2-HEADER-PREGNANCY-TYPE-2-1.png","contentUrl":"https:\/\/beyondtype1.org\/wp-content\/uploads\/2024\/11\/BT2-HEADER-PREGNANCY-TYPE-2-1.png","width":2048,"height":733},{"@type":"BreadcrumbList","@id":"https:\/\/beyondtype1.org\/es\/el-manejo-de-mi-diabetes-tipo-2-durante-el-embarazo\/#breadcrumb","itemListElement":[{"@type":"ListItem","position":1,"name":"Home","item":"https:\/\/beyondtype1.org\/es\/"},{"@type":"ListItem","position":2,"name":"El manejo de mi diabetes tipo 2 durante el embarazo"}]},{"@type":"WebSite","@id":"https:\/\/beyondtype1.org\/es\/#website","url":"https:\/\/beyondtype1.org\/es\/","name":"Beyond Type 1","description":"Beyond Type 1 is the largest diabetes org online, funding advocacy, education and cure research.","publisher":{"@id":"https:\/\/beyondtype1.org\/es\/#organization"},"potentialAction":[{"@type":"SearchAction","target":{"@type":"EntryPoint","urlTemplate":"https:\/\/beyondtype1.org\/es\/?s={search_term_string}"},"query-input":{"@type":"PropertyValueSpecification","valueRequired":true,"valueName":"search_term_string"}}],"inLanguage":"es"},{"@type":"Organization","@id":"https:\/\/beyondtype1.org\/es\/#organization","name":"Beyond Type 1","url":"https:\/\/beyondtype1.org\/es\/","logo":{"@type":"ImageObject","inLanguage":"es","@id":"https:\/\/beyondtype1.org\/es\/#\/schema\/logo\/image\/","url":"https:\/\/beyondtype1.org\/wp-content\/uploads\/2025\/08\/header-logo.svg","contentUrl":"https:\/\/beyondtype1.org\/wp-content\/uploads\/2025\/08\/header-logo.svg","width":56,"height":56,"caption":"Beyond Type 1"},"image":{"@id":"https:\/\/beyondtype1.org\/es\/#\/schema\/logo\/image\/"},"sameAs":["https:\/\/www.facebook.com\/beyondtype1","https:\/\/x.com\/BeyondType1","http:\/\/instagram.com\/BeyondType1\/","https:\/\/www.youtube.com\/c\/BeyondType1","https:\/\/www.tiktok.com\/@beyondtype1","https:\/\/www.linkedin.com\/company\/beyond-type1\/"]}]}},"_links":{"self":[{"href":"https:\/\/beyondtype1.org\/es\/wp-json\/wp\/v2\/resources\/30351","targetHints":{"allow":["GET"]}}],"collection":[{"href":"https:\/\/beyondtype1.org\/es\/wp-json\/wp\/v2\/resources"}],"about":[{"href":"https:\/\/beyondtype1.org\/es\/wp-json\/wp\/v2\/types\/resources"}],"author":[{"embeddable":true,"href":"https:\/\/beyondtype1.org\/es\/wp-json\/wp\/v2\/users\/5"}],"replies":[{"embeddable":true,"href":"https:\/\/beyondtype1.org\/es\/wp-json\/wp\/v2\/comments?post=30351"}],"version-history":[{"count":0,"href":"https:\/\/beyondtype1.org\/es\/wp-json\/wp\/v2\/resources\/30351\/revisions"}],"wp:featuredmedia":[{"embeddable":true,"href":"https:\/\/beyondtype1.org\/es\/wp-json\/wp\/v2\/media\/30354"}],"wp:attachment":[{"href":"https:\/\/beyondtype1.org\/es\/wp-json\/wp\/v2\/media?parent=30351"}],"curies":[{"name":"wp","href":"https:\/\/api.w.org\/{rel}","templated":true}]}}