{"id":30368,"date":"2019-05-22T22:02:00","date_gmt":"2019-05-22T22:02:00","guid":{"rendered":"https:\/\/beyondtype2.org\/resources\/la-ansiedad-y-la-diabetes-tipo-2\/"},"modified":"2019-05-22T22:02:00","modified_gmt":"2019-05-22T22:02:00","slug":"la-ansiedad-y-la-diabetes-tipo-2","status":"publish","type":"resources","link":"https:\/\/beyondtype1.org\/es\/la-ansiedad-y-la-diabetes-tipo-2\/","title":{"rendered":"La ansiedad y la diabetes tipo 2"},"content":{"rendered":"<p><span style=\"font-family: NonBreakingSpaceOverride, 'Hoefler Text', Garamond, 'Times New Roman', serif; letter-spacing: normal; font-size: 21px;\">De acuerdo con la <\/span><a style=\"font-family: NonBreakingSpaceOverride, 'Hoefler Text', Garamond, 'Times New Roman', serif; letter-spacing: normal; font-size: 21px;\" href=\"https:\/\/www.apa.org\/pubs\/books\/4600100\" target=\"_blank\" rel=\"noopener noreferrer\">Asociaci&oacute;n Americana de Psicolog&iacute;a<\/a><span style=\"font-family: NonBreakingSpaceOverride, 'Hoefler Text', Garamond, 'Times New Roman', serif; letter-spacing: normal; font-size: 21px;\">, la ansiedad es una emoci&oacute;n que se caracteriza por sentimientos de tensi&oacute;n, pensamientos preocupados y cambios f&iacute;sicos como el aumento de la presi&oacute;n arterial. Las personas con trastornos de ansiedad suelen tener pensamientos o preocupaciones intrusivas recurrentes. Incluso, estas personas pueden evitar ciertas situaciones que les generan preocupaci&oacute;n o presentar s&iacute;ntomas f&iacute;sicos como sudoraci&oacute;n, temblores, mareos o latidos card&iacute;acos r&aacute;pidos. Pero qu&eacute; significa todo esto? &iquest;Y hay una correlaci&oacute;n entre la ansiedad y la diabetes tipo 2?<\/span><\/p>\n<div id=\"tw-target-text-container\" class=\"gsrt tw-ta-container tw-nfl\">\n<h3 id=\"tw-target-text\" class=\"tw-data-text tw-ta tw-text-small\" data-placeholder=\"Traducci&oacute;n\"><span lang=\"es\">&iquest;Cu&aacute;les son las causas de ansiedad en quienes viven con diabetes?<\/span><\/h3>\n<\/div>\n<div id=\"tw-target-text-container\" class=\"gsrt tw-ta-container tw-nfl\">\n<p id=\"tw-target-text\" class=\"tw-data-text tw-ta tw-text-small\" dir=\"ltr\" data-placeholder=\"Traducci&oacute;n\"><span lang=\"es\">Para muchas personas que viven con ansiedad, cualquier cosa que pueda generar miedo tambi&eacute;n podr&iacute;a ser un detonador de ansiedad. Si vives con diabetes, estos detonadores podr&iacute;an incluir <a href=\"https:\/\/beyondtype1.org\/es\/hipoglucemia-y-como-tratarla\/\">hipoglucemia<\/a>, la idea de <a href=\"https:\/\/beyondtype1.org\/es\/complicaciones-de-diabetes\/\">complicaciones<\/a> y otras situaciones espec&iacute;ficas que ser&aacute;n diferentes en cada persona, ya que todos somos individuos diferentes. Manejar la diabetes es un trabajo dif&iacute;cil y complejo que se realiza 24\/7. Sentirse ansioso es una respuesta natural, pero la ansiedad puede convertirse en un verdadero obst&aacute;culo si no se trata oportunamente.<\/span><\/p>\n<\/div>\n<div id=\"tw-target-text-container\" class=\"gsrt tw-ta-container tw-nfl\">\n<h3 id=\"tw-target-text\" class=\"tw-data-text tw-ta tw-text-small\" data-placeholder=\"Traducci&oacute;n\"><span lang=\"es\">&iquest;Existe una relaci&oacute;n entre diabetes y ansiedad? <\/span><\/h3>\n<p class=\"tw-data-text tw-ta tw-text-small\" dir=\"ltr\" data-placeholder=\"Traducci&oacute;n\"><span lang=\"es\">&iexcl;Por supuesto que s&iacute;! <a href=\"https:\/\/www.ncbi.nlm.nih.gov\/pmc\/articles\/PMC4999621\/\" target=\"_blank\" rel=\"noopener noreferrer\">Ha habido m&uacute;ltiples estudios que han e<\/a>studiado la relaci&oacute;n entre la diabetes y la ansiedad. Y, seamos honestos, el manejo de la diabetes a veces parece demasiado trabajo. El diagn&oacute;stico inicial puede tener un gran impacto emocional y, naturalmente, puede aparecer ansiedad. Tenemos que encontrar maneras de trabajar con nuestra diabetes y abordar nuestra salud emocional en consecuencia.<\/span><\/p>\n<\/div>\n<div id=\"tw-target-text-container\" class=\"gsrt tw-ta-container tw-nfl\">\n<h3 id=\"tw-target-text\" class=\"tw-data-text tw-ta tw-text-small\" data-placeholder=\"Traducci&oacute;n\"><span lang=\"es\">Ok, creo que tengo ansiedad, &iquest;qu&eacute; puedo hacer? <\/span><\/h3>\n<ol>\n<li class=\"tw-data-text tw-ta tw-text-small\" data-placeholder=\"Traducci&oacute;n\"><span lang=\"es\"><strong>Pedir ayuda:<\/strong> recuerda que esta es una respuesta natural. No te sientas avergonzado si necesitas pedir ayuda, todos hemos estado all&iacute;. El apoyo entre pares es extremadamente &uacute;til. Visita los foros de diabetes para conectarte con otras personas y recibir consejos. Recuerda que hay que cuidar la salud emocional. Si es necesario, visita a un psic&oacute;logo o psiquiatra que sepa sobre la diabetes. &iexcl;La <a href=\"https:\/\/professional.diabetes.org\/mhp_listing\" target=\"_blank\" rel=\"noopener noreferrer\">Asociaci&oacute;n Americana de Diabetes<\/a> cuenta con un directorio de proveedores de salud mental para que puedas encontrar uno cerca de ti! La Asociaci&oacute;n Americana de Educadores en Diabetes tambi&eacute;n proporciona una serie de herramientas, que incluyen <a href=\"https:\/\/www.diabeteseducator.org\/living-with-diabetes\/Tools-and-Resources\/mental-health\" target=\"_blank\" rel=\"noopener noreferrer\">hojas de consejos<\/a> con formas de sobrellevar la ira, el estr&eacute;s, la depresi&oacute;n y la angustia, as&iacute; como una lista de 7 comportamientos de autocuidado. <\/span><\/li>\n<li class=\"tw-data-text tw-ta tw-text-small\" data-placeholder=\"Traducci&oacute;n\"><strong>Respira<\/strong>: S&iacute;, tan simple como eso. <a href=\"https:\/\/www.nhs.uk\/conditions\/stress-anxiety-depression\/ways-relieve-stress\/\" target=\"_blank\" rel=\"noopener noreferrer\">La respiraci&oacute;n profunda<\/a> es una de las mejores maneras de reducir el estr&eacute;s. Esto se debe a que cuando respiras profundamente, env&iacute;as un mensaje a tu cerebro para que se calme y se relaje. No, no estamos bromeando.<\/li>\n<li class=\"tw-data-text tw-ta tw-text-small\" data-placeholder=\"Traducci&oacute;n\"><strong>Expr&eacute;sate<\/strong>: habla con quienes te rodean. Deja saber a tus seres queridos cuando te sientas ansioso, pueden tener un buen consejo para ti. No hay por qu&eacute; avergonzarse en sentir miedo o tener miedos relacionados con la salud. Tus seres queridos pueden ayudarte a encontrar maneras de sobrellevar los sentimientos negativos y todos deben trabajar en equipo para ayudarse mutuamente.<\/li>\n<li class=\"tw-data-text tw-ta tw-text-small\" data-placeholder=\"Traducci&oacute;n\"><strong>Act&iacute;vate<\/strong>: &iexcl;Mantente ocupado! Encuentra un nuevo hobby o intenta hacer cosas nuevas. Te dar&aacute;s cuenta r&aacute;pidamente que esto puede ayudarte a aliviar la ansiedad. Adem&aacute;s,&nbsp; &nbsp;podr&iacute;a ayudarte a conocer gente nueva y te encontrar&aacute;s en nuevos escenarios.<\/li>\n<li class=\"tw-data-text tw-ta tw-text-small\" data-placeholder=\"Traducci&oacute;n\"><strong>Ed&uacute;cate<\/strong>: &iexcl;Aprende sobre diabetes! La educaci&oacute;n en diabetes te brindar&aacute; herramientas y conocimientos para una mejor toma de decisiones y, lo cierto es que tener mayor conocimiento en general podr&iacute;a ayudarte a aligerar la carga incluso si no crees que puedas hacerlo. Pide recursos e informaci&oacute;n &uacute;tiles a tus profesionales de la salud, &iexcl;para eso est&aacute;n all&iacute;!<\/li>\n<\/ol>\n<\/div>\n<div id=\"tw-target-text-container\" class=\"gsrt tw-ta-container tw-nfl\">\n<p id=\"tw-target-text\" class=\"tw-data-text tw-ta tw-text-small\" dir=\"ltr\" data-placeholder=\"Traducci&oacute;n\"><span lang=\"es\">Cuidar nuestra diabetes tambi&eacute;n incluye cuidar nuestra <a href=\"https:\/\/beyondtype1.org\/es\/salud-mental\/\">salud emocional<\/a>, aunque a menudo nos olvidemos de este aspecto de nuestras vidas. Al ser conscientes de la importancia de la salud mental, podemos establecer y mantener relaciones positivas y duraderas con los dem&aacute;s, tener la voluntad de aprender y enfrentar los desaf&iacute;os que trae consigo nuestra condici&oacute;n de vida y disfrutar de una excelente calidad de vida. Por encima de todo, siempre recuerda que no est&aacute; solo.<\/span><\/p>\n<\/div>\n<p>https:\/\/beyondtype1.org\/es\/wp-content\/uploads\/2019\/03\/mariana-gomez-headshot.png<\/p>\n<p>Mariana fue diagnosticada con diabetes tipo 1 en el verano de 1985. Ella es psic&oacute;loga y educadora en diabetes. En 2008, Mariana comenz&oacute; un blog donde comparte su experiencia de vida con otros. Ella es una vocero por la diabetes Tipo 1 en Am&eacute;rica Latina. Mariana trabaj&oacute; con la Federaci&oacute;n Mexicana de Diabetes hasta 2012. Ella es mam&aacute; de un adolescente. Vive en la Ciudad de M&eacute;xico y ama los unicornios.<\/p>\n<p>anxiety|salud mental<\/p>\n\n","protected":false},"excerpt":{"rendered":"<p>De acuerdo con la Asociaci&oacute;n Americana de Psicolog&iacute;a, la ansiedad es una emoci&oacute;n que se caracteriza por sentimientos de tensi&oacute;n, pensamientos preocupados y cambios f&iacute;sicos como el aumento de la presi&oacute;n arterial. Las personas con trastornos de ansiedad suelen tener pensamientos o preocupaciones intrusivas recurrentes. Incluso, estas personas pueden evitar ciertas situaciones que les generan [&hellip;]<\/p>\n","protected":false},"author":5,"featured_media":30370,"comment_status":"open","ping_status":"open","template":"","meta":{"_acf_changed":false,"footnotes":""},"class_list":["post-30368","resources","type-resources","status-publish","has-post-thumbnail","hentry","diabetes-types-tipo-2","tags-anxiety","tags-salud-mental"],"acf":[],"yoast_head":"<!-- This site is optimized with the Yoast SEO plugin v27.0 - https:\/\/yoast.com\/product\/yoast-seo-wordpress\/ -->\n<title>La ansiedad y la diabetes tipo 2 | Beyond Type 1<\/title>\n<meta name=\"description\" content=\"La ansiedad y la diabetes tipo 2 est\u00e1n directamente relacionadas. Vivir con una condici\u00f3n cr\u00f3nica es especialmente agotador y requiere cuidado personal.\" \/>\n<meta name=\"robots\" content=\"index, follow, max-snippet:-1, max-image-preview:large, max-video-preview:-1\" \/>\n<link rel=\"canonical\" href=\"https:\/\/beyondtype1.org\/es\/la-ansiedad-y-la-diabetes-tipo-2\/\" \/>\n<meta property=\"og:locale\" content=\"es_ES\" \/>\n<meta property=\"og:type\" content=\"article\" \/>\n<meta property=\"og:title\" content=\"La ansiedad y la diabetes tipo 2 | Beyond Type 1\" \/>\n<meta property=\"og:description\" content=\"La ansiedad y la diabetes tipo 2 est\u00e1n directamente relacionadas. Vivir con una condici\u00f3n cr\u00f3nica es especialmente agotador y requiere cuidado personal.\" \/>\n<meta property=\"og:url\" content=\"https:\/\/beyondtype1.org\/es\/la-ansiedad-y-la-diabetes-tipo-2\/\" \/>\n<meta property=\"og:site_name\" content=\"Beyond Type 1\" \/>\n<meta property=\"article:publisher\" content=\"https:\/\/www.facebook.com\/beyondtype1\" \/>\n<meta property=\"og:image\" content=\"https:\/\/beyondtype1.org\/wp-content\/uploads\/2024\/11\/BT2-HEADER-ANXIETY-T2-1.png\" \/>\n\t<meta property=\"og:image:width\" content=\"2048\" \/>\n\t<meta property=\"og:image:height\" content=\"733\" \/>\n\t<meta property=\"og:image:type\" content=\"image\/png\" \/>\n<meta name=\"twitter:card\" content=\"summary_large_image\" \/>\n<meta name=\"twitter:site\" content=\"@BeyondType1\" \/>\n<meta name=\"twitter:label1\" content=\"Tiempo de lectura\" \/>\n\t<meta name=\"twitter:data1\" content=\"4 minutos\" \/>\n<script type=\"application\/ld+json\" class=\"yoast-schema-graph\">{\"@context\":\"https:\/\/schema.org\",\"@graph\":[{\"@type\":\"WebPage\",\"@id\":\"https:\/\/beyondtype1.org\/es\/la-ansiedad-y-la-diabetes-tipo-2\/\",\"url\":\"https:\/\/beyondtype1.org\/es\/la-ansiedad-y-la-diabetes-tipo-2\/\",\"name\":\"La ansiedad y la diabetes tipo 2 | Beyond Type 1\",\"isPartOf\":{\"@id\":\"https:\/\/beyondtype1.org\/es\/#website\"},\"primaryImageOfPage\":{\"@id\":\"https:\/\/beyondtype1.org\/es\/la-ansiedad-y-la-diabetes-tipo-2\/#primaryimage\"},\"image\":{\"@id\":\"https:\/\/beyondtype1.org\/es\/la-ansiedad-y-la-diabetes-tipo-2\/#primaryimage\"},\"thumbnailUrl\":\"https:\/\/beyondtype1.org\/wp-content\/uploads\/2024\/11\/BT2-HEADER-ANXIETY-T2-1.png\",\"datePublished\":\"2019-05-22T22:02:00+00:00\",\"description\":\"La ansiedad y la diabetes tipo 2 est\u00e1n directamente relacionadas. Vivir con una condici\u00f3n cr\u00f3nica es especialmente agotador y requiere cuidado personal.\",\"breadcrumb\":{\"@id\":\"https:\/\/beyondtype1.org\/es\/la-ansiedad-y-la-diabetes-tipo-2\/#breadcrumb\"},\"inLanguage\":\"es\",\"potentialAction\":[{\"@type\":\"ReadAction\",\"target\":[\"https:\/\/beyondtype1.org\/es\/la-ansiedad-y-la-diabetes-tipo-2\/\"]}]},{\"@type\":\"ImageObject\",\"inLanguage\":\"es\",\"@id\":\"https:\/\/beyondtype1.org\/es\/la-ansiedad-y-la-diabetes-tipo-2\/#primaryimage\",\"url\":\"https:\/\/beyondtype1.org\/wp-content\/uploads\/2024\/11\/BT2-HEADER-ANXIETY-T2-1.png\",\"contentUrl\":\"https:\/\/beyondtype1.org\/wp-content\/uploads\/2024\/11\/BT2-HEADER-ANXIETY-T2-1.png\",\"width\":2048,\"height\":733},{\"@type\":\"BreadcrumbList\",\"@id\":\"https:\/\/beyondtype1.org\/es\/la-ansiedad-y-la-diabetes-tipo-2\/#breadcrumb\",\"itemListElement\":[{\"@type\":\"ListItem\",\"position\":1,\"name\":\"Home\",\"item\":\"https:\/\/beyondtype1.org\/es\/\"},{\"@type\":\"ListItem\",\"position\":2,\"name\":\"La ansiedad y la diabetes tipo 2\"}]},{\"@type\":\"WebSite\",\"@id\":\"https:\/\/beyondtype1.org\/es\/#website\",\"url\":\"https:\/\/beyondtype1.org\/es\/\",\"name\":\"Beyond Type 1\",\"description\":\"Beyond Type 1 is the largest diabetes org online, funding advocacy, education and cure research.\",\"publisher\":{\"@id\":\"https:\/\/beyondtype1.org\/es\/#organization\"},\"potentialAction\":[{\"@type\":\"SearchAction\",\"target\":{\"@type\":\"EntryPoint\",\"urlTemplate\":\"https:\/\/beyondtype1.org\/es\/?s={search_term_string}\"},\"query-input\":{\"@type\":\"PropertyValueSpecification\",\"valueRequired\":true,\"valueName\":\"search_term_string\"}}],\"inLanguage\":\"es\"},{\"@type\":\"Organization\",\"@id\":\"https:\/\/beyondtype1.org\/es\/#organization\",\"name\":\"Beyond Type 1\",\"url\":\"https:\/\/beyondtype1.org\/es\/\",\"logo\":{\"@type\":\"ImageObject\",\"inLanguage\":\"es\",\"@id\":\"https:\/\/beyondtype1.org\/es\/#\/schema\/logo\/image\/\",\"url\":\"https:\/\/beyondtype1.org\/wp-content\/uploads\/2025\/08\/header-logo.svg\",\"contentUrl\":\"https:\/\/beyondtype1.org\/wp-content\/uploads\/2025\/08\/header-logo.svg\",\"width\":56,\"height\":56,\"caption\":\"Beyond Type 1\"},\"image\":{\"@id\":\"https:\/\/beyondtype1.org\/es\/#\/schema\/logo\/image\/\"},\"sameAs\":[\"https:\/\/www.facebook.com\/beyondtype1\",\"https:\/\/x.com\/BeyondType1\",\"http:\/\/instagram.com\/BeyondType1\/\",\"https:\/\/www.youtube.com\/c\/BeyondType1\",\"https:\/\/www.tiktok.com\/@beyondtype1\",\"https:\/\/www.linkedin.com\/company\/beyond-type1\/\"]}]}<\/script>\n<!-- \/ Yoast SEO plugin. -->","yoast_head_json":{"title":"La ansiedad y la diabetes tipo 2 | Beyond Type 1","description":"La ansiedad y la diabetes tipo 2 est\u00e1n directamente relacionadas. Vivir con una condici\u00f3n cr\u00f3nica es especialmente agotador y requiere cuidado personal.","robots":{"index":"index","follow":"follow","max-snippet":"max-snippet:-1","max-image-preview":"max-image-preview:large","max-video-preview":"max-video-preview:-1"},"canonical":"https:\/\/beyondtype1.org\/es\/la-ansiedad-y-la-diabetes-tipo-2\/","og_locale":"es_ES","og_type":"article","og_title":"La ansiedad y la diabetes tipo 2 | Beyond Type 1","og_description":"La ansiedad y la diabetes tipo 2 est\u00e1n directamente relacionadas. Vivir con una condici\u00f3n cr\u00f3nica es especialmente agotador y requiere cuidado personal.","og_url":"https:\/\/beyondtype1.org\/es\/la-ansiedad-y-la-diabetes-tipo-2\/","og_site_name":"Beyond Type 1","article_publisher":"https:\/\/www.facebook.com\/beyondtype1","og_image":[{"width":2048,"height":733,"url":"https:\/\/beyondtype1.org\/wp-content\/uploads\/2024\/11\/BT2-HEADER-ANXIETY-T2-1.png","type":"image\/png"}],"twitter_card":"summary_large_image","twitter_site":"@BeyondType1","twitter_misc":{"Tiempo de lectura":"4 minutos"},"schema":{"@context":"https:\/\/schema.org","@graph":[{"@type":"WebPage","@id":"https:\/\/beyondtype1.org\/es\/la-ansiedad-y-la-diabetes-tipo-2\/","url":"https:\/\/beyondtype1.org\/es\/la-ansiedad-y-la-diabetes-tipo-2\/","name":"La ansiedad y la diabetes tipo 2 | Beyond Type 1","isPartOf":{"@id":"https:\/\/beyondtype1.org\/es\/#website"},"primaryImageOfPage":{"@id":"https:\/\/beyondtype1.org\/es\/la-ansiedad-y-la-diabetes-tipo-2\/#primaryimage"},"image":{"@id":"https:\/\/beyondtype1.org\/es\/la-ansiedad-y-la-diabetes-tipo-2\/#primaryimage"},"thumbnailUrl":"https:\/\/beyondtype1.org\/wp-content\/uploads\/2024\/11\/BT2-HEADER-ANXIETY-T2-1.png","datePublished":"2019-05-22T22:02:00+00:00","description":"La ansiedad y la diabetes tipo 2 est\u00e1n directamente relacionadas. Vivir con una condici\u00f3n cr\u00f3nica es especialmente agotador y requiere cuidado personal.","breadcrumb":{"@id":"https:\/\/beyondtype1.org\/es\/la-ansiedad-y-la-diabetes-tipo-2\/#breadcrumb"},"inLanguage":"es","potentialAction":[{"@type":"ReadAction","target":["https:\/\/beyondtype1.org\/es\/la-ansiedad-y-la-diabetes-tipo-2\/"]}]},{"@type":"ImageObject","inLanguage":"es","@id":"https:\/\/beyondtype1.org\/es\/la-ansiedad-y-la-diabetes-tipo-2\/#primaryimage","url":"https:\/\/beyondtype1.org\/wp-content\/uploads\/2024\/11\/BT2-HEADER-ANXIETY-T2-1.png","contentUrl":"https:\/\/beyondtype1.org\/wp-content\/uploads\/2024\/11\/BT2-HEADER-ANXIETY-T2-1.png","width":2048,"height":733},{"@type":"BreadcrumbList","@id":"https:\/\/beyondtype1.org\/es\/la-ansiedad-y-la-diabetes-tipo-2\/#breadcrumb","itemListElement":[{"@type":"ListItem","position":1,"name":"Home","item":"https:\/\/beyondtype1.org\/es\/"},{"@type":"ListItem","position":2,"name":"La ansiedad y la diabetes tipo 2"}]},{"@type":"WebSite","@id":"https:\/\/beyondtype1.org\/es\/#website","url":"https:\/\/beyondtype1.org\/es\/","name":"Beyond Type 1","description":"Beyond Type 1 is the largest diabetes org online, funding advocacy, education and cure research.","publisher":{"@id":"https:\/\/beyondtype1.org\/es\/#organization"},"potentialAction":[{"@type":"SearchAction","target":{"@type":"EntryPoint","urlTemplate":"https:\/\/beyondtype1.org\/es\/?s={search_term_string}"},"query-input":{"@type":"PropertyValueSpecification","valueRequired":true,"valueName":"search_term_string"}}],"inLanguage":"es"},{"@type":"Organization","@id":"https:\/\/beyondtype1.org\/es\/#organization","name":"Beyond Type 1","url":"https:\/\/beyondtype1.org\/es\/","logo":{"@type":"ImageObject","inLanguage":"es","@id":"https:\/\/beyondtype1.org\/es\/#\/schema\/logo\/image\/","url":"https:\/\/beyondtype1.org\/wp-content\/uploads\/2025\/08\/header-logo.svg","contentUrl":"https:\/\/beyondtype1.org\/wp-content\/uploads\/2025\/08\/header-logo.svg","width":56,"height":56,"caption":"Beyond Type 1"},"image":{"@id":"https:\/\/beyondtype1.org\/es\/#\/schema\/logo\/image\/"},"sameAs":["https:\/\/www.facebook.com\/beyondtype1","https:\/\/x.com\/BeyondType1","http:\/\/instagram.com\/BeyondType1\/","https:\/\/www.youtube.com\/c\/BeyondType1","https:\/\/www.tiktok.com\/@beyondtype1","https:\/\/www.linkedin.com\/company\/beyond-type1\/"]}]}},"_links":{"self":[{"href":"https:\/\/beyondtype1.org\/es\/wp-json\/wp\/v2\/resources\/30368","targetHints":{"allow":["GET"]}}],"collection":[{"href":"https:\/\/beyondtype1.org\/es\/wp-json\/wp\/v2\/resources"}],"about":[{"href":"https:\/\/beyondtype1.org\/es\/wp-json\/wp\/v2\/types\/resources"}],"author":[{"embeddable":true,"href":"https:\/\/beyondtype1.org\/es\/wp-json\/wp\/v2\/users\/5"}],"replies":[{"embeddable":true,"href":"https:\/\/beyondtype1.org\/es\/wp-json\/wp\/v2\/comments?post=30368"}],"version-history":[{"count":0,"href":"https:\/\/beyondtype1.org\/es\/wp-json\/wp\/v2\/resources\/30368\/revisions"}],"wp:featuredmedia":[{"embeddable":true,"href":"https:\/\/beyondtype1.org\/es\/wp-json\/wp\/v2\/media\/30370"}],"wp:attachment":[{"href":"https:\/\/beyondtype1.org\/es\/wp-json\/wp\/v2\/media?parent=30368"}],"curies":[{"name":"wp","href":"https:\/\/api.w.org\/{rel}","templated":true}]}}