{"id":31024,"date":"2020-08-21T00:14:00","date_gmt":"2020-08-21T00:14:00","guid":{"rendered":"https:\/\/beyondtype2.org\/resources\/covid19-peluqueria\/"},"modified":"2024-11-26T22:48:09","modified_gmt":"2024-11-26T22:48:09","slug":"covid19-peluqueria","status":"publish","type":"resources","link":"https:\/\/beyondtype1.org\/es\/covid19-peluqueria\/","title":{"rendered":"El nuevo normal:  la peluquer\u00eda"},"content":{"rendered":"<div class=\"page-entry-content\">\n<p>Despu&eacute;s de meses de estar pr&aacute;cticamente encerrados, saliendo a lo m&iacute;nimo e incluso pidiendo lo que necesit&aacute;bamos de supermercado, farmacia o comida a casa, tom&eacute; valor y decid&iacute; agendar una cita para ir a cortarme el cabello.<\/p>\n<p>Son esas decisiones que antes de&nbsp;<a href=\"https:\/\/beyondtype1.org\/es\/coronavirus-y-diabetes-tipo-1\/\" data-wpel-link=\"internal\">COVID-19<\/a> parec&iacute;an sencillas pero ahora representan todo un reto. Cuando has pasado bastante tiempo en cuarentena generas cierta paranoia a la que sabemos, tendremos que enfrentar tarde o temprano.<\/p>\n<\/div>\n<div class=\"page-entry-content\">\n<h2>La nueva realidad<\/h2>\n<p>Enfrentar la nueva realidad implica salir y hacer cosas que son necesarias o quiz&aacute; no tanto como lo podr&iacute;a ser un corte de cabello (aunque son cosas que nos levantan el &aacute;nimo y nos dan un golpe de energ&iacute;a para continuar) debe realizarse de una forma cuidadosa y donde debe ser prioridad nuestra seguridad.<\/p>\n<\/div>\n<div class=\"page-entry-content\">\n<p>Para saber si era seguro me puse varias tareas. Primero,&nbsp; observ&eacute; c&oacute;mo manejaba sus protocolos de cuidado la est&eacute;tica a la que sol&iacute;a ir y el resultado me sorprendi&oacute;. Al agendar la cita enviaron un documento de atenci&oacute;n que inclu&iacute;a un protocolo de llegada (hidrogel, tapete desinfectante, aspersi&oacute;n de desinfectante biodegradable) as&iacute; como lineamientos que tendr&iacute;a que seguir antes de presentarme a mi cita. Estos lineamientos incluyen:<\/p>\n<ul>\n<li>De presentar s&iacute;ntomas como estornudos, tos, dolor de garganta, dolor de cuerpo, fiebre o diarrea ser&aacute; necesario reagendar la cita.<\/li>\n<li>Notificar si se estuvo en contacto con alguna persona enferma de COVID19.<\/li>\n<li>Presentarse con el m&iacute;nimo de objetos posibles.<\/li>\n<li>Esperar el turno dentro del auto hasta que el cliente anterior haya salido.<\/li>\n<li>No asistir con ni&ntilde;os.<\/li>\n<li>Contar con cubrebocas para entrar a las instalaciones.<\/li>\n<\/ul>\n<p><img loading=\"lazy\" decoding=\"async\" class=\"wp-image-59730 alignleft lazyloaded\" src=\"https:\/\/beyondtype1.org\/wp-content\/uploads\/2024\/11\/IMG_5281-1-scaled.jpg\" width=\"347\" height=\"330\" data-src=\"https:\/\/beyondtype1.org\/wp-content\/uploads\/2024\/11\/IMG_5281-1-scaled.jpg\">Toda esta informaci&oacute;n y las fotograf&iacute;as que presentan en sus redes sociales me dieron confianza y tranquilidad. Sin embargo, a&uacute;n ten&iacute;a mis dudas y se las hice saber por mensaje. Me tranquilizaron indicando que estar&iacute;a segura. He de mencionar adem&aacute;s su personal tuvo capacitaci&oacute;n sobre cuidados e higiene previa al regreso de actividades ya que hab&iacute;an cerrado por un lapso indefinido lo cual aprovecharon para adaptar las instalaciones y prepararse para la reapertura.<\/p>\n<h2>De los lineamientos<\/h2>\n<p>Llegu&eacute; a la cita y me dio mucha tranquilidad observar que todo lo mencionado se cumpl&iacute;a. El espacio estaba abierto, hab&iacute;a mucha circulaci&oacute;n de aire, se&ntilde;al&eacute;tica para el cuidado de distancia segura y hab&iacute;an reducido los puestos de trabajo a la mitad lo cual garantizaba que no hubiera aglomeraciones. Observ&eacute; cuidadosamente y para mi gusto hab&iacute;a un lavado de manos constante as&iacute; como uso de gel. Todo el personal empleaba cubrebocas y careta adem&aacute;s, desinfectaban cada lugar antes de que el cliente se sentara, al retirarse o moverse y al menos una vez en el tiempo que estuve ah&iacute; hubo desinfecci&oacute;n general del lugar.<\/p>\n<\/div>\n<div class=\"page-entry-content\">\n<h2><strong>&iquest;Por qu&eacute; cuento todo esto?<\/strong><\/h2>\n<p>Porque con diabetes sabemos que el COVID implica un riesgo mayor pero no podemos dejar de realizar algunas actividades como ir por alimentos o a la farmacia, comprar un caf&eacute; o hacer una compra especial o, as&iacute; como yo decid&iacute; que tomar&iacute;a el riesgo de ir a cortarme el cabello. Si bien, lo ideal es jam&aacute;s arriesgarnos si podemos elegir el lugar y la situaci&oacute;n en la que podemos realizarnos, sentirnos y m&aacute;s importante, estar seguros y a salvo.<\/p>\n<p>El tomar estas decisiones e incluso, difundirlas podr&iacute;an hacer que los due&ntilde;os de algunas empresas cuiden las medidas de seguridad y sanidad ya que ello les implicar&iacute;a ventas y que el negocio siga marchando y nos cuidamos todos.<\/p>\n<\/div>\n<div class=\"page-entry-content\">\n<p>COVID-19&nbsp; vino a cambiar la forma en que adquirimos productos y servicios y as&iacute; como anteriormente cuid&aacute;bamos que el refresco que nos daban en el cine realmente fuera sin az&uacute;car o eleg&iacute;amos ese restaurante porque la comida inclu&iacute;a un conteo de carbohidratos ahora necesitamos agregar detalles como el uso de cubrebocas y aspectos b&aacute;sicos para protegernos del COVID.<\/p>\n<p>Si todos nos cuidamos, todos nos protegemos y as&iacute;, realizando Peque&ntilde;os Grandes Cambios #BigLittleChanges estaremos a salvo y seguros.<\/p>\n<hr>\n<p>Lee m&aacute;s sobre el coronavirus y la diabetes <a href=\"https:\/\/beyondtype1.org\/es\/coronavirus-y-diabetes-tipo-1\/\" data-wpel-link=\"internal\"><b>aqu&iacute;<\/b><\/a><b>.<\/b><\/p>\n<p>Para m&aacute;s informaci&oacute;n sobre lo que puedes hacer para protegerte y proteger a los dem&aacute;s, visita&nbsp;<a href=\"https:\/\/coronavirusdiabetes.org\/\" rel=\"noopener noreferrer\" data-wpel-link=\"external\" target=\"_blank\">coronavirusdiabetes.org<\/a>&nbsp;y comparte los #BigLittleChanges (#Peque&ntilde;osGrandesCambios) que est&eacute;s haciendo.<\/p>\n<div class=\"author-bio\">\n<div class=\"author-image\">\n<div class=\"author-mask\"><\/div>\n<\/div>\n<div id=\"bio-holder\"><\/div>\n<\/div>\n<\/div>\n<p>https:\/\/beyondtype1.org\/es\/wp-content\/uploads\/2019\/05\/Eugenia-Araiza-bio.png<\/p>\n<p>Eugenia es licenciada en Nutrici&oacute;n, Educadora en Diabetes y Health Coach. Ella fue diagnosticada con diabetes Tipo 1 a los 16 a&ntilde;os. Es creadora de Healthy Diabetes. Eugenia disfruta mucho estudiar y ayudar a otros en el manejo de sus diferentes tipos de diabetes asi como actualizar su pr&aacute;ctica de nutrici&oacute;n. Disfruta escribir especialmente sobre el impacto de la diabetes en su vida. Vive rodeada de amor en una familia compuesta por Luis Felipe, quien vive con diabetes tipo LADA y su hijo adolescente.<\/p>\n<p>covid19|LatestHome<\/p>\n\n","protected":false},"excerpt":{"rendered":"<p>Despu&eacute;s de meses de estar pr&aacute;cticamente encerrados, saliendo a lo m&iacute;nimo e incluso pidiendo lo que necesit&aacute;bamos de supermercado, farmacia o comida a casa, tom&eacute; valor y decid&iacute; agendar una cita para ir a cortarme el cabello. Son esas decisiones que antes de&nbsp;COVID-19 parec&iacute;an sencillas pero ahora representan todo un reto. Cuando has pasado bastante [&hellip;]<\/p>\n","protected":false},"author":5,"featured_media":31027,"comment_status":"open","ping_status":"open","template":"","meta":{"_acf_changed":false,"footnotes":""},"class_list":["post-31024","resources","type-resources","status-publish","has-post-thumbnail","hentry","diabetes-types-tipo-2","tags-covid19","tags-latesthome"],"acf":[],"yoast_head":"<!-- This site is optimized with the Yoast SEO plugin v27.0 - https:\/\/yoast.com\/product\/yoast-seo-wordpress\/ -->\n<title>El nuevo normal: la peluquer\u00eda | Beyond Type 1<\/title>\n<meta name=\"description\" content=\"Despu\u00e9s de 4 meses de estar pr\u00e1cticamente encerrados, saliendo a lo m\u00ednimo tom\u00e9 valor y agend\u00e9 una cita para ir a cortarme el cabello.\" \/>\n<meta name=\"robots\" content=\"index, follow, max-snippet:-1, max-image-preview:large, max-video-preview:-1\" \/>\n<link rel=\"canonical\" href=\"https:\/\/beyondtype1.org\/es\/covid19-peluqueria\/\" \/>\n<meta property=\"og:locale\" content=\"es_ES\" \/>\n<meta property=\"og:type\" content=\"article\" \/>\n<meta property=\"og:title\" content=\"El nuevo normal: la peluquer\u00eda | Beyond Type 1\" \/>\n<meta property=\"og:description\" content=\"Despu\u00e9s de 4 meses de estar pr\u00e1cticamente encerrados, saliendo a lo m\u00ednimo tom\u00e9 valor y agend\u00e9 una cita para ir a cortarme el cabello.\" \/>\n<meta property=\"og:url\" content=\"https:\/\/beyondtype1.org\/es\/covid19-peluqueria\/\" \/>\n<meta property=\"og:site_name\" content=\"Beyond Type 1\" \/>\n<meta property=\"article:publisher\" content=\"https:\/\/www.facebook.com\/beyondtype1\" \/>\n<meta property=\"article:modified_time\" content=\"2024-11-26T22:48:09+00:00\" \/>\n<meta property=\"og:image\" content=\"https:\/\/beyondtype1.org\/wp-content\/uploads\/2024\/11\/BT1-HEADER-ESP-PELUQUERIA-COVID-1.png\" \/>\n\t<meta property=\"og:image:width\" content=\"2048\" \/>\n\t<meta property=\"og:image:height\" content=\"733\" \/>\n\t<meta property=\"og:image:type\" content=\"image\/png\" \/>\n<meta name=\"twitter:card\" content=\"summary_large_image\" \/>\n<meta name=\"twitter:site\" content=\"@BeyondType1\" \/>\n<meta name=\"twitter:label1\" content=\"Tiempo de lectura\" \/>\n\t<meta name=\"twitter:data1\" content=\"4 minutos\" \/>\n<script type=\"application\/ld+json\" class=\"yoast-schema-graph\">{\"@context\":\"https:\/\/schema.org\",\"@graph\":[{\"@type\":\"WebPage\",\"@id\":\"https:\/\/beyondtype1.org\/es\/covid19-peluqueria\/\",\"url\":\"https:\/\/beyondtype1.org\/es\/covid19-peluqueria\/\",\"name\":\"El nuevo normal: la peluquer\u00eda | Beyond Type 1\",\"isPartOf\":{\"@id\":\"https:\/\/beyondtype1.org\/es\/#website\"},\"primaryImageOfPage\":{\"@id\":\"https:\/\/beyondtype1.org\/es\/covid19-peluqueria\/#primaryimage\"},\"image\":{\"@id\":\"https:\/\/beyondtype1.org\/es\/covid19-peluqueria\/#primaryimage\"},\"thumbnailUrl\":\"https:\/\/beyondtype1.org\/wp-content\/uploads\/2024\/11\/BT1-HEADER-ESP-PELUQUERIA-COVID-1.png\",\"datePublished\":\"2020-08-21T00:14:00+00:00\",\"dateModified\":\"2024-11-26T22:48:09+00:00\",\"description\":\"Despu\u00e9s de 4 meses de estar pr\u00e1cticamente encerrados, saliendo a lo m\u00ednimo tom\u00e9 valor y agend\u00e9 una cita para ir a cortarme el cabello.\",\"breadcrumb\":{\"@id\":\"https:\/\/beyondtype1.org\/es\/covid19-peluqueria\/#breadcrumb\"},\"inLanguage\":\"es\",\"potentialAction\":[{\"@type\":\"ReadAction\",\"target\":[\"https:\/\/beyondtype1.org\/es\/covid19-peluqueria\/\"]}]},{\"@type\":\"ImageObject\",\"inLanguage\":\"es\",\"@id\":\"https:\/\/beyondtype1.org\/es\/covid19-peluqueria\/#primaryimage\",\"url\":\"https:\/\/beyondtype1.org\/wp-content\/uploads\/2024\/11\/BT1-HEADER-ESP-PELUQUERIA-COVID-1.png\",\"contentUrl\":\"https:\/\/beyondtype1.org\/wp-content\/uploads\/2024\/11\/BT1-HEADER-ESP-PELUQUERIA-COVID-1.png\",\"width\":2048,\"height\":733},{\"@type\":\"BreadcrumbList\",\"@id\":\"https:\/\/beyondtype1.org\/es\/covid19-peluqueria\/#breadcrumb\",\"itemListElement\":[{\"@type\":\"ListItem\",\"position\":1,\"name\":\"Home\",\"item\":\"https:\/\/beyondtype1.org\/es\/\"},{\"@type\":\"ListItem\",\"position\":2,\"name\":\"El nuevo normal: la peluquer\u00eda\"}]},{\"@type\":\"WebSite\",\"@id\":\"https:\/\/beyondtype1.org\/es\/#website\",\"url\":\"https:\/\/beyondtype1.org\/es\/\",\"name\":\"Beyond Type 1\",\"description\":\"Beyond Type 1 is the largest diabetes org online, funding advocacy, education and cure research.\",\"publisher\":{\"@id\":\"https:\/\/beyondtype1.org\/es\/#organization\"},\"potentialAction\":[{\"@type\":\"SearchAction\",\"target\":{\"@type\":\"EntryPoint\",\"urlTemplate\":\"https:\/\/beyondtype1.org\/es\/?s={search_term_string}\"},\"query-input\":{\"@type\":\"PropertyValueSpecification\",\"valueRequired\":true,\"valueName\":\"search_term_string\"}}],\"inLanguage\":\"es\"},{\"@type\":\"Organization\",\"@id\":\"https:\/\/beyondtype1.org\/es\/#organization\",\"name\":\"Beyond Type 1\",\"url\":\"https:\/\/beyondtype1.org\/es\/\",\"logo\":{\"@type\":\"ImageObject\",\"inLanguage\":\"es\",\"@id\":\"https:\/\/beyondtype1.org\/es\/#\/schema\/logo\/image\/\",\"url\":\"https:\/\/beyondtype1.org\/wp-content\/uploads\/2025\/08\/header-logo.svg\",\"contentUrl\":\"https:\/\/beyondtype1.org\/wp-content\/uploads\/2025\/08\/header-logo.svg\",\"width\":56,\"height\":56,\"caption\":\"Beyond Type 1\"},\"image\":{\"@id\":\"https:\/\/beyondtype1.org\/es\/#\/schema\/logo\/image\/\"},\"sameAs\":[\"https:\/\/www.facebook.com\/beyondtype1\",\"https:\/\/x.com\/BeyondType1\",\"http:\/\/instagram.com\/BeyondType1\/\",\"https:\/\/www.youtube.com\/c\/BeyondType1\",\"https:\/\/www.tiktok.com\/@beyondtype1\",\"https:\/\/www.linkedin.com\/company\/beyond-type1\/\"]}]}<\/script>\n<!-- \/ Yoast SEO plugin. -->","yoast_head_json":{"title":"El nuevo normal: la peluquer\u00eda | Beyond Type 1","description":"Despu\u00e9s de 4 meses de estar pr\u00e1cticamente encerrados, saliendo a lo m\u00ednimo tom\u00e9 valor y agend\u00e9 una cita para ir a cortarme el cabello.","robots":{"index":"index","follow":"follow","max-snippet":"max-snippet:-1","max-image-preview":"max-image-preview:large","max-video-preview":"max-video-preview:-1"},"canonical":"https:\/\/beyondtype1.org\/es\/covid19-peluqueria\/","og_locale":"es_ES","og_type":"article","og_title":"El nuevo normal: la peluquer\u00eda | Beyond Type 1","og_description":"Despu\u00e9s de 4 meses de estar pr\u00e1cticamente encerrados, saliendo a lo m\u00ednimo tom\u00e9 valor y agend\u00e9 una cita para ir a cortarme el cabello.","og_url":"https:\/\/beyondtype1.org\/es\/covid19-peluqueria\/","og_site_name":"Beyond Type 1","article_publisher":"https:\/\/www.facebook.com\/beyondtype1","article_modified_time":"2024-11-26T22:48:09+00:00","og_image":[{"width":2048,"height":733,"url":"https:\/\/beyondtype1.org\/wp-content\/uploads\/2024\/11\/BT1-HEADER-ESP-PELUQUERIA-COVID-1.png","type":"image\/png"}],"twitter_card":"summary_large_image","twitter_site":"@BeyondType1","twitter_misc":{"Tiempo de lectura":"4 minutos"},"schema":{"@context":"https:\/\/schema.org","@graph":[{"@type":"WebPage","@id":"https:\/\/beyondtype1.org\/es\/covid19-peluqueria\/","url":"https:\/\/beyondtype1.org\/es\/covid19-peluqueria\/","name":"El nuevo normal: la peluquer\u00eda | Beyond Type 1","isPartOf":{"@id":"https:\/\/beyondtype1.org\/es\/#website"},"primaryImageOfPage":{"@id":"https:\/\/beyondtype1.org\/es\/covid19-peluqueria\/#primaryimage"},"image":{"@id":"https:\/\/beyondtype1.org\/es\/covid19-peluqueria\/#primaryimage"},"thumbnailUrl":"https:\/\/beyondtype1.org\/wp-content\/uploads\/2024\/11\/BT1-HEADER-ESP-PELUQUERIA-COVID-1.png","datePublished":"2020-08-21T00:14:00+00:00","dateModified":"2024-11-26T22:48:09+00:00","description":"Despu\u00e9s de 4 meses de estar pr\u00e1cticamente encerrados, saliendo a lo m\u00ednimo tom\u00e9 valor y agend\u00e9 una cita para ir a cortarme el cabello.","breadcrumb":{"@id":"https:\/\/beyondtype1.org\/es\/covid19-peluqueria\/#breadcrumb"},"inLanguage":"es","potentialAction":[{"@type":"ReadAction","target":["https:\/\/beyondtype1.org\/es\/covid19-peluqueria\/"]}]},{"@type":"ImageObject","inLanguage":"es","@id":"https:\/\/beyondtype1.org\/es\/covid19-peluqueria\/#primaryimage","url":"https:\/\/beyondtype1.org\/wp-content\/uploads\/2024\/11\/BT1-HEADER-ESP-PELUQUERIA-COVID-1.png","contentUrl":"https:\/\/beyondtype1.org\/wp-content\/uploads\/2024\/11\/BT1-HEADER-ESP-PELUQUERIA-COVID-1.png","width":2048,"height":733},{"@type":"BreadcrumbList","@id":"https:\/\/beyondtype1.org\/es\/covid19-peluqueria\/#breadcrumb","itemListElement":[{"@type":"ListItem","position":1,"name":"Home","item":"https:\/\/beyondtype1.org\/es\/"},{"@type":"ListItem","position":2,"name":"El nuevo normal: la peluquer\u00eda"}]},{"@type":"WebSite","@id":"https:\/\/beyondtype1.org\/es\/#website","url":"https:\/\/beyondtype1.org\/es\/","name":"Beyond Type 1","description":"Beyond Type 1 is the largest diabetes org online, funding advocacy, education and cure research.","publisher":{"@id":"https:\/\/beyondtype1.org\/es\/#organization"},"potentialAction":[{"@type":"SearchAction","target":{"@type":"EntryPoint","urlTemplate":"https:\/\/beyondtype1.org\/es\/?s={search_term_string}"},"query-input":{"@type":"PropertyValueSpecification","valueRequired":true,"valueName":"search_term_string"}}],"inLanguage":"es"},{"@type":"Organization","@id":"https:\/\/beyondtype1.org\/es\/#organization","name":"Beyond Type 1","url":"https:\/\/beyondtype1.org\/es\/","logo":{"@type":"ImageObject","inLanguage":"es","@id":"https:\/\/beyondtype1.org\/es\/#\/schema\/logo\/image\/","url":"https:\/\/beyondtype1.org\/wp-content\/uploads\/2025\/08\/header-logo.svg","contentUrl":"https:\/\/beyondtype1.org\/wp-content\/uploads\/2025\/08\/header-logo.svg","width":56,"height":56,"caption":"Beyond Type 1"},"image":{"@id":"https:\/\/beyondtype1.org\/es\/#\/schema\/logo\/image\/"},"sameAs":["https:\/\/www.facebook.com\/beyondtype1","https:\/\/x.com\/BeyondType1","http:\/\/instagram.com\/BeyondType1\/","https:\/\/www.youtube.com\/c\/BeyondType1","https:\/\/www.tiktok.com\/@beyondtype1","https:\/\/www.linkedin.com\/company\/beyond-type1\/"]}]}},"_links":{"self":[{"href":"https:\/\/beyondtype1.org\/es\/wp-json\/wp\/v2\/resources\/31024","targetHints":{"allow":["GET"]}}],"collection":[{"href":"https:\/\/beyondtype1.org\/es\/wp-json\/wp\/v2\/resources"}],"about":[{"href":"https:\/\/beyondtype1.org\/es\/wp-json\/wp\/v2\/types\/resources"}],"author":[{"embeddable":true,"href":"https:\/\/beyondtype1.org\/es\/wp-json\/wp\/v2\/users\/5"}],"replies":[{"embeddable":true,"href":"https:\/\/beyondtype1.org\/es\/wp-json\/wp\/v2\/comments?post=31024"}],"version-history":[{"count":0,"href":"https:\/\/beyondtype1.org\/es\/wp-json\/wp\/v2\/resources\/31024\/revisions"}],"wp:featuredmedia":[{"embeddable":true,"href":"https:\/\/beyondtype1.org\/es\/wp-json\/wp\/v2\/media\/31027"}],"wp:attachment":[{"href":"https:\/\/beyondtype1.org\/es\/wp-json\/wp\/v2\/media?parent=31024"}],"curies":[{"name":"wp","href":"https:\/\/api.w.org\/{rel}","templated":true}]}}