{"id":34518,"date":"2018-12-20T23:03:44","date_gmt":"2018-12-20T23:03:44","guid":{"rendered":"https:\/\/beyondtype2.org\/?post_type=resources&#038;p=34518"},"modified":"2024-12-09T18:53:46","modified_gmt":"2024-12-09T18:53:46","slug":"existe-relacion-entre-la-depresion-y-la-diabetes","status":"publish","type":"resources","link":"https:\/\/beyondtype1.org\/es\/existe-relacion-entre-la-depresion-y-la-diabetes\/","title":{"rendered":"\u00bfExiste relaci\u00f3n entre la depresi\u00f3n y la diabetes?"},"content":{"rendered":"<p><span style=\"font-weight: 400;\">&iquest;Existe relaci&oacute;n entre la depresi&oacute;n y la diabetes? La respuesta es sencilla: <\/span><i><span style=\"font-weight: 400;\">s&iacute;<\/span><\/i><span style=\"font-weight: 400;\">,<\/span><\/p>\n<p><span style=\"font-weight: 400;\">Algunas investigaciones demuestran que si tienes diabetes, tu riesgo de desarrollar depresi&oacute;n es superior al doble. De hecho, algunos estudios muestran que este riesgo puede ser cuatro veces mayor.<\/span><\/p>\n<p><span style=\"font-weight: 400;\">Esta informaci&oacute;n puede parecer una cosa m&aacute;s de qu&eacute; preocuparse, pero es importante abordarlo y discutirlo porque al hacerlo tiene el potencial de mejorar tu calidad de vida. &iquest;Y qui&eacute;n no quiere esto?<\/span><\/p>\n<p><span style=\"font-weight: 400;\">Una vez alguien dijo &ldquo;La diabetes es un trabajo de tiempo completo el cual no solicitaste, al cual no puedes renunciar, por el cual no tienes derecho a vacaciones ni paga. (Estamos asintiendo.) Estamos de acuerdo en que nadie se puso en la l&iacute;nea de espera para subir al carrusel o para la monta&ntilde;a rusa de la diabetes ,<\/span> <span style=\"font-weight: 400;\">porque la diabetes no es <\/span><i><span style=\"font-weight: 400;\">divertida<\/span><\/i><span style=\"font-weight: 400;\">. De hecho, es una gran carga y nunca descansas.<\/span><\/p>\n<p><span style=\"font-weight: 400;\">Ya sabes qu&eacute; tienes que hacer: cuenta los carbohidratos, administra insulina (debes tener en cuenta la actividad, el estr&eacute;s y considera lo que ha sucedido antes), monitorea el nivel de az&uacute;car en tu sangre, descansa, come o compensa.<\/span><\/p>\n<p><span style=\"font-weight: 400;\">No importa qu&eacute; tan atento y meticuloso seas contando los carbohidratos y dosificando correctamente la insulina, obtendr&aacute;s el nivel rebelde de glucosa en la sangre, el inesperado contrataque que te hace sentir como que debes tirar la cajita de jugo o gritar o llorar o ponerte en posici&oacute;n fetal y darte por vencido porque a veces no puedes ser perfecto. No, no eres perfecto(a) y la diabetes es realmente dif&iacute;cil y cuando pienses que lo has hecho bien y que ya est&aacute;s mejor, entonces eres puesto a prueba y tienes que intentarlo de nuevo una y otra vez. No es de extra&ntilde;ar que esta condici&oacute;n cr&oacute;nica puede causar ansiedad, sentimientos de frustraci&oacute;n y desesperanza. <\/span><\/p>\n<p><b>La diabetes no es s&oacute;lo un reto f&iacute;sico con serias implicaciones; tambi&eacute;n es muy exigente emocionalmente y puede ser extremadamente dif&iacute;cil gobernar la mente. Es por esto que los tratamientos m&aacute;s efectivos de la diabetes&nbsp; incluyen cuidado m&eacute;dico as&iacute; como apoyo psicol&oacute;gico. <\/b><\/p>\n<p><span style=\"font-weight: 400;\">Todos en alg&uacute;n momento de sus vidas experimentan depresi&oacute;n. Aunque es importante se&ntilde;alar que la <\/span><span style=\"font-weight: 400;\">depresi&oacute;n<\/span><span style=\"font-weight: 400;\"> es m&aacute;s que el sentimiento de desanimo. Es un sentimiento persistente (que dura m&aacute;s de dos semanas) de tristeza o falta de inter&eacute;s entre otros s&iacute;ntomas. Puede ser debilitante, puede alterar tu vida y llevarte al abismo de la inseguridad en ti mismo. Tambi&eacute;n puede ser sutil. Tal vez no te has dado cuenta y es un ser querido el que ha mencionado los cambios y se ha dado cuenta que las cosas no est&aacute;n bien. De cualquier forma no te preocupes y presta atenci&oacute;n. Has llegado hasta aqu&iacute; y no eres el(la) primero(a).<\/span><\/p>\n<p><span style=\"font-weight: 400;\">Si est&aacute;s experimentando s&iacute;ntomas de por lo menos tres de las siguientes categor&iacute;as, tal vez est&eacute;s deprimido:<\/span><\/p>\n<h2><b>Cosas que tal vez hagas&hellip;<\/b><\/h2>\n<ul>\n<li style=\"font-weight: 400;\"><span style=\"font-weight: 400;\">Dejaste de hacer cosas que antes disfrutabas.<\/span><\/li>\n<li style=\"font-weight: 400;\"><span style=\"font-weight: 400;\">Tienes dificultad para hacer las cosas.<\/span><\/li>\n<li style=\"font-weight: 400;\"><span style=\"font-weight: 400;\">No te puedes enfocar.<\/span><\/li>\n<li style=\"font-weight: 400;\"><span style=\"font-weight: 400;\">Te quedas en casa por largos per&iacute;odos de tiempo.<\/span><\/li>\n<li style=\"font-weight: 400;\"><span style=\"font-weight: 400;\">Te alejas de tus seres queridos.<\/span><\/li>\n<li style=\"font-weight: 400;\"><span style=\"font-weight: 400;\">Tomas alcohol y calmantes excesivamente.<\/span><\/li>\n<\/ul>\n<h2><b>Cosas que puedes pensar&hellip;<\/b><\/h2>\n<ul>\n<li style=\"font-weight: 400;\"><span style=\"font-weight: 400;\">&ldquo;No valgo nada&rdquo;.<\/span><\/li>\n<li style=\"font-weight: 400;\"><span style=\"font-weight: 400;\">&ldquo;No soy lo suficientemente bueno&rdquo;.<\/span><\/li>\n<li style=\"font-weight: 400;\"><span style=\"font-weight: 400;\">&ldquo;Merezco sentirme as&iacute;&rdquo;. <\/span><\/li>\n<li style=\"font-weight: 400;\"><span style=\"font-weight: 400;\">&ldquo;Nunca voy a ser feliz&rdquo;.<\/span><\/li>\n<li style=\"font-weight: 400;\"><span style=\"font-weight: 400;\">&ldquo;Esto es mi culpa&rdquo;.<\/span><\/li>\n<li style=\"font-weight: 400;\"><span style=\"font-weight: 400;\">&ldquo;La vida no vale la pena&rdquo;.<\/span><\/li>\n<\/ul>\n<h2><b>Cosas que puedes sentir&hellip;<\/b><\/h2>\n<ul>\n<li style=\"font-weight: 400;\"><span style=\"font-weight: 400;\">culpabilidad<\/span><\/li>\n<li style=\"font-weight: 400;\"><span style=\"font-weight: 400;\">irritabilidad<\/span><\/li>\n<li style=\"font-weight: 400;\"><span style=\"font-weight: 400;\">enojo<\/span><\/li>\n<li style=\"font-weight: 400;\"><span style=\"font-weight: 400;\">frustraci&oacute;n<\/span><\/li>\n<li style=\"font-weight: 400;\"><span style=\"font-weight: 400;\">infelicidad<\/span><\/li>\n<li style=\"font-weight: 400;\"><span style=\"font-weight: 400;\">indecisi&oacute;n<\/span><\/li>\n<li style=\"font-weight: 400;\"><span style=\"font-weight: 400;\">decepci&oacute;n<\/span><\/li>\n<li style=\"font-weight: 400;\"><span style=\"font-weight: 400;\">tristeza<\/span><\/li>\n<\/ul>\n<h2><b>Cosas que puedes experimentar f&iacute;sicamente:<\/b><\/h2>\n<ul>\n<li style=\"font-weight: 400;\"><span style=\"font-weight: 400;\">letargo<\/span><\/li>\n<li style=\"font-weight: 400;\"><span style=\"font-weight: 400;\">enfermo y sin &aacute;nimos<\/span><\/li>\n<li style=\"font-weight: 400;\"><span style=\"font-weight: 400;\">dolor de cabeza y de cuerpo<\/span><\/li>\n<li style=\"font-weight: 400;\"><span style=\"font-weight: 400;\">molestias estomacales<\/span><\/li>\n<li style=\"font-weight: 400;\"><span style=\"font-weight: 400;\">colon irritable<\/span><\/li>\n<li style=\"font-weight: 400;\"><span style=\"font-weight: 400;\">insomnio o dormir excesivamente<\/span><\/li>\n<li style=\"font-weight: 400;\"><span style=\"font-weight: 400;\">cambios extremos en el peso y apetito<\/span><\/li>\n<\/ul>\n<p><i><span style=\"font-weight: 400;\">Nota: esta es una peque&ntilde;a lista de s&iacute;ntomas que puedes estar experimentando si est&aacute;s deprimido. Consulta a una profesional en salud mental para recibir una evaluaci&oacute;n y tratamiento adecuado.<\/span><\/i><\/p>\n<p><span style=\"font-weight: 400;\">&iquest;Dijiste <\/span><i><span style=\"font-weight: 400;\">que si<\/span><\/i><span style=\"font-weight: 400;\"> a todos los s&iacute;ntomas? &iquest;Dijiste no a todos? Sea como sea, sigue leyendo.<\/span><\/p>\n<p><span style=\"font-weight: 400;\">Tu salud <\/span><i><span style=\"font-weight: 400;\">mental<\/span><\/i><span style=\"font-weight: 400;\"> afecta c&oacute;mo le haces frente a tu salud <\/span><i><span style=\"font-weight: 400;\">f&iacute;sica, <\/span><\/i><span style=\"font-weight: 400;\">as&iacute; que si te sientes deprimido es menos probable que puedas controlar tu diabetes bien. Esto puede ocasionar complicaciones y una salud deficiente de forma general. Fundamentalmente, ambos aspectos son muy importantes y conjuntamente afectan tu bienestar. &iexcl;No descuides ninguno hoy o ma&ntilde;ana!<\/span><\/p>\n<p><span style=\"font-weight: 400;\">La Dra. Diana Naranjo, Profesora Asistente de Psiquiatr&iacute;a y Estudios de Conducta, y el Dr. Korey Hood, Profesor de Pediatr&iacute;a de la Universidad de Standford, trabajan exclusivamente con pacientes con diabetes y piensan que prevenir la depresi&oacute;n es la clave para tener una salud mental &oacute;ptima en pacientes con diabetes. Si sabes que tienes un mayor riesgo de desarrollar depresi&oacute;n o un trastorno de ansiedad, ser proactivo tambi&eacute;n puede ayudar a mejorar tu calidad de vida a largo plazo.<\/span><\/p>\n<p><b>Planear con antelaci&oacute;n es parte de los cuidados personales y puede incluir buscar el respaldo de amigos, familia, grupos comunitarios y tu educador en diabetes o terapeuta.<\/b><\/p>\n<p><span style=\"font-weight: 400;\">Si tienes diabetes, es normal sentir una variedad de emociones as&iacute; como sufrir graves reveses f&iacute;sicos. Sobre todo justo despu&eacute;s del diagn&oacute;stico, muchas personas informan que est&aacute;n tristes por su salud anterior y la vida que ten&iacute;an previamente. &nbsp;Esto es igualmente cierto para los padres o proveedores de cuidados de los que han sido diagnosticados con diabetes.<\/span><\/p>\n<p><span style=\"font-weight: 400;\">En el fondo lo que es importante es tu salud mental, cuando has sido diagnosticado y despu&eacute;s, as&iacute; que hablar con un profesional de salud te puede ayudar. No obstante, tal vez tratar tu depresi&oacute;n o tu ansiedad requiera m&aacute;s que una terapia de conversaci&oacute;n. Algunas personas est&aacute;n gen&eacute;ticamente predispuestas a desarrollar enfermedades mentales mientras que las circunstancias de la vida y el estr&eacute;s pueden traer el inicio de la aparici&oacute;n de s&iacute;ntomas. El tratamiento puede incluir medicamentos a corto y largo plazo en conjunto con otras formas de terapia.<\/span><\/p>\n<p><span style=\"font-weight: 400;\">Aseg&uacute;rate de preguntarle a tu terapeuta si han tenido experiencia con clientes que tienen diabetes. &nbsp;Si no, es m&aacute;s probable que este sea el caso, t&uacute; le puedes proporcionar a tu proveedor de salud mental informaci&oacute;n adicional para ayudarle a que entienda qu&eacute; es la diabetes y las dificultades que enfrentas cada d&iacute;a.<\/span><\/p>\n<p><b>El Dr. Korey Hood dice que debes recordar que estar&aacute;s entrevistando y contratando a tu terapeuta. &nbsp;La discusi&oacute;n de tu salud mental no deber&iacute;a estar separada de la discusi&oacute;n sobre tu diabetes.<\/b><\/p>\n<p><span style=\"font-weight: 400;\">Adem&aacute;s de trabajar con un profesional de salud, trata de implementar los siguientes t&eacute;rminos de cuidado personal para ayudar a mantener un estado mental saludable.<\/span><\/p>\n<ul>\n<li style=\"font-weight: 400;\"><span style=\"font-weight: 400;\">Incorporate a una comunidad, contacta otros grupos con diabetes&nbsp; y comparte tu historia.<\/span><\/li>\n<li style=\"font-weight: 400;\"><span style=\"font-weight: 400;\">Haz preguntas a otras personas y aprende m&aacute;s sobre la diabetes y la depresi&oacute;n.<\/span><\/li>\n<li style=\"font-weight: 400;\"><span style=\"font-weight: 400;\">Realiza actividades f&iacute;sicas moderadas (consulta a tu doctor sobre cual es un nivel de ejercicio saludable).<\/span><\/li>\n<li style=\"font-weight: 400;\"><span style=\"font-weight: 400;\">Debes consumir alimentos saludables.<\/span><\/li>\n<li style=\"font-weight: 400;\"><span style=\"font-weight: 400;\">Debes mantener un peso saludable.<\/span><\/li>\n<li style=\"font-weight: 400;\"><span style=\"font-weight: 400;\">Limita tu consumo de alcohol.<\/span><\/li>\n<\/ul>\n<p><span style=\"font-weight: 400;\">Si t&uacute; o alguien que conoces est&aacute; pensando en suicidarse, pide ayuda adicional aqu&iacute;:<\/span><\/p>\n<ul>\n<li style=\"font-weight: 400;\"><span style=\"font-weight: 400;\">En M&eacute;xico, comun&iacute;cate &nbsp;con la l&iacute;nea de apoyo de <\/span><a href=\"http:\/\/www.saptel.org.mx\/\" target=\"_blank\" rel=\"noopener noreferrer\"><span style=\"font-weight: 400;\">SAPTEL<\/span><\/a><span style=\"font-weight: 400;\">: 5259-8121. <\/span><\/li>\n<li style=\"font-weight: 400;\"><span style=\"font-weight: 400;\">En Espa&ntilde;a, est&aacute; la asociaci&oacute;n <\/span><a href=\"http:\/\/telefonodelaesperanza.org\/\" target=\"_blank\" rel=\"noopener noreferrer\"><span style=\"font-weight: 400;\">Tel&eacute;fono de la Esperanza<\/span><\/a><span style=\"font-weight: 400;\">: 902-500-002, que adem&aacute;s se encuentra disponible en otros pa&iacute;ses de Latinoam&eacute;rica (entra a su sitio web para que conozcas el n&uacute;mero telef&oacute;nico correspondiente a tu regi&oacute;n)<\/span><\/li>\n<li style=\"font-weight: 400;\"><i><span style=\"font-weight: 400;\">La <\/span><\/i><a href=\"http:\/\/www.suicidepreventionlifeline.org\/\" target=\"_blank\" rel=\"noopener noreferrer\"><i><span style=\"font-weight: 400;\">L&iacute;nea Nacional de Prevenci&oacute;n del Suicidio<\/span><\/i><\/a><i><span style=\"font-weight: 400;\"> o llama al 1 (800) 273-8255 (Estados Unidos).<\/span><\/i><\/li>\n<\/ul>\n<p><span style=\"font-weight: 400;\">As&iacute; como el nivel de glucosa en tu sangre es informaci&oacute;n importante para administrar tu diabetes exitosamente, as&iacute; tambi&eacute;n lo son tus sentimientos. &nbsp;Recuerda que no est&aacute;s solo y que existen personas que entienden y que han estado all&iacute;. Busca ayuda y s&eacute; proactivo. Habla sobre ello. Existen una amplia gama de tratamientos para la salud mental que est&aacute;n disponibles. As&iacute; que consulta a un experto hoy y aprende a c&oacute;mo mejorar la calidad de tu vida.<\/span><\/p>\n<hr>\n<p><i><span style=\"font-weight: 400;\">Verificado por el Dr. Mark Heyman, director del CDMH (El Centro de Diabetes y Salud Mental, por sus siglas en ingl&eacute;s) en Solana Beach, Ca. Mark obtuvo su doctorado en Psicolog&iacute;a Cl&iacute;nica de la Universidad George Washington y complet&oacute; su formaci&oacute;n m&eacute;dica en la Facultad de Medicina de UCSD.<\/span><\/i><\/p>\n\n","protected":false},"excerpt":{"rendered":"<p>&iquest;Existe relaci&oacute;n entre la depresi&oacute;n y la diabetes? La respuesta es sencilla: s&iacute;, Algunas investigaciones demuestran que si tienes diabetes, tu riesgo de desarrollar depresi&oacute;n es superior al doble. De hecho, algunos estudios muestran que este riesgo puede ser cuatro veces mayor. Esta informaci&oacute;n puede parecer una cosa m&aacute;s de qu&eacute; preocuparse, pero es importante [&hellip;]<\/p>\n","protected":false},"author":5,"featured_media":34519,"comment_status":"open","ping_status":"closed","template":"","meta":{"_acf_changed":false,"footnotes":""},"class_list":["post-34518","resources","type-resources","status-publish","has-post-thumbnail","hentry","diabetes-types-tipo-2","tags-anxiety-es","tags-mentalkhealth_more-es","tags-salud-mental"],"acf":[],"yoast_head":"<!-- This site is optimized with the Yoast SEO plugin v27.0 - https:\/\/yoast.com\/product\/yoast-seo-wordpress\/ -->\n<title>\u00bfExiste relaci\u00f3n entre la depresi\u00f3n y la diabetes? | Beyond Type 1<\/title>\n<meta name=\"description\" content=\"Investigaciones demuestran que si tienes diabetes, tu riesgo de desarrollar depresi\u00f3n es mayor al doble. Aqu\u00ed algunos conejos para su identificaci\u00f3n.\" \/>\n<meta name=\"robots\" content=\"index, follow, max-snippet:-1, max-image-preview:large, max-video-preview:-1\" \/>\n<link rel=\"canonical\" href=\"https:\/\/beyondtype1.org\/es\/existe-relacion-entre-la-depresion-y-la-diabetes\/\" \/>\n<meta property=\"og:locale\" content=\"es_ES\" \/>\n<meta property=\"og:type\" content=\"article\" \/>\n<meta property=\"og:title\" content=\"\u00bfExiste relaci\u00f3n entre la depresi\u00f3n y la diabetes? | Beyond Type 1\" \/>\n<meta property=\"og:description\" content=\"Investigaciones demuestran que si tienes diabetes, tu riesgo de desarrollar depresi\u00f3n es mayor al doble. Aqu\u00ed algunos conejos para su identificaci\u00f3n.\" \/>\n<meta property=\"og:url\" content=\"https:\/\/beyondtype1.org\/es\/existe-relacion-entre-la-depresion-y-la-diabetes\/\" \/>\n<meta property=\"og:site_name\" content=\"Beyond Type 1\" \/>\n<meta property=\"article:publisher\" content=\"https:\/\/www.facebook.com\/beyondtype1\" \/>\n<meta property=\"article:modified_time\" content=\"2024-12-09T18:53:46+00:00\" \/>\n<meta property=\"og:image\" content=\"https:\/\/beyondtype1.org\/wp-content\/uploads\/2024\/12\/entrevistas-header-768x300-1.png\" \/>\n\t<meta property=\"og:image:width\" content=\"768\" \/>\n\t<meta property=\"og:image:height\" content=\"300\" \/>\n\t<meta property=\"og:image:type\" content=\"image\/png\" \/>\n<meta name=\"twitter:card\" content=\"summary_large_image\" \/>\n<meta name=\"twitter:site\" content=\"@BeyondType1\" \/>\n<meta name=\"twitter:label1\" content=\"Tiempo de lectura\" \/>\n\t<meta name=\"twitter:data1\" content=\"1 minuto\" \/>\n<script type=\"application\/ld+json\" class=\"yoast-schema-graph\">{\"@context\":\"https:\/\/schema.org\",\"@graph\":[{\"@type\":\"WebPage\",\"@id\":\"https:\/\/beyondtype1.org\/es\/existe-relacion-entre-la-depresion-y-la-diabetes\/\",\"url\":\"https:\/\/beyondtype1.org\/es\/existe-relacion-entre-la-depresion-y-la-diabetes\/\",\"name\":\"\u00bfExiste relaci\u00f3n entre la depresi\u00f3n y la diabetes? | Beyond Type 1\",\"isPartOf\":{\"@id\":\"https:\/\/beyondtype1.org\/es\/#website\"},\"primaryImageOfPage\":{\"@id\":\"https:\/\/beyondtype1.org\/es\/existe-relacion-entre-la-depresion-y-la-diabetes\/#primaryimage\"},\"image\":{\"@id\":\"https:\/\/beyondtype1.org\/es\/existe-relacion-entre-la-depresion-y-la-diabetes\/#primaryimage\"},\"thumbnailUrl\":\"https:\/\/beyondtype1.org\/wp-content\/uploads\/2024\/12\/entrevistas-header-768x300-1.png\",\"datePublished\":\"2018-12-20T23:03:44+00:00\",\"dateModified\":\"2024-12-09T18:53:46+00:00\",\"description\":\"Investigaciones demuestran que si tienes diabetes, tu riesgo de desarrollar depresi\u00f3n es mayor al doble. Aqu\u00ed algunos conejos para su identificaci\u00f3n.\",\"breadcrumb\":{\"@id\":\"https:\/\/beyondtype1.org\/es\/existe-relacion-entre-la-depresion-y-la-diabetes\/#breadcrumb\"},\"inLanguage\":\"es\",\"potentialAction\":[{\"@type\":\"ReadAction\",\"target\":[\"https:\/\/beyondtype1.org\/es\/existe-relacion-entre-la-depresion-y-la-diabetes\/\"]}]},{\"@type\":\"ImageObject\",\"inLanguage\":\"es\",\"@id\":\"https:\/\/beyondtype1.org\/es\/existe-relacion-entre-la-depresion-y-la-diabetes\/#primaryimage\",\"url\":\"https:\/\/beyondtype1.org\/wp-content\/uploads\/2024\/12\/entrevistas-header-768x300-1.png\",\"contentUrl\":\"https:\/\/beyondtype1.org\/wp-content\/uploads\/2024\/12\/entrevistas-header-768x300-1.png\",\"width\":768,\"height\":300},{\"@type\":\"BreadcrumbList\",\"@id\":\"https:\/\/beyondtype1.org\/es\/existe-relacion-entre-la-depresion-y-la-diabetes\/#breadcrumb\",\"itemListElement\":[{\"@type\":\"ListItem\",\"position\":1,\"name\":\"Home\",\"item\":\"https:\/\/beyondtype1.org\/es\/\"},{\"@type\":\"ListItem\",\"position\":2,\"name\":\"\u00bfExiste relaci\u00f3n entre la depresi\u00f3n y la diabetes?\"}]},{\"@type\":\"WebSite\",\"@id\":\"https:\/\/beyondtype1.org\/es\/#website\",\"url\":\"https:\/\/beyondtype1.org\/es\/\",\"name\":\"Beyond Type 1\",\"description\":\"Beyond Type 1 is the largest diabetes org online, funding advocacy, education and cure research.\",\"publisher\":{\"@id\":\"https:\/\/beyondtype1.org\/es\/#organization\"},\"potentialAction\":[{\"@type\":\"SearchAction\",\"target\":{\"@type\":\"EntryPoint\",\"urlTemplate\":\"https:\/\/beyondtype1.org\/es\/?s={search_term_string}\"},\"query-input\":{\"@type\":\"PropertyValueSpecification\",\"valueRequired\":true,\"valueName\":\"search_term_string\"}}],\"inLanguage\":\"es\"},{\"@type\":\"Organization\",\"@id\":\"https:\/\/beyondtype1.org\/es\/#organization\",\"name\":\"Beyond Type 1\",\"url\":\"https:\/\/beyondtype1.org\/es\/\",\"logo\":{\"@type\":\"ImageObject\",\"inLanguage\":\"es\",\"@id\":\"https:\/\/beyondtype1.org\/es\/#\/schema\/logo\/image\/\",\"url\":\"https:\/\/beyondtype1.org\/wp-content\/uploads\/2025\/08\/header-logo.svg\",\"contentUrl\":\"https:\/\/beyondtype1.org\/wp-content\/uploads\/2025\/08\/header-logo.svg\",\"width\":56,\"height\":56,\"caption\":\"Beyond Type 1\"},\"image\":{\"@id\":\"https:\/\/beyondtype1.org\/es\/#\/schema\/logo\/image\/\"},\"sameAs\":[\"https:\/\/www.facebook.com\/beyondtype1\",\"https:\/\/x.com\/BeyondType1\",\"http:\/\/instagram.com\/BeyondType1\/\",\"https:\/\/www.youtube.com\/c\/BeyondType1\",\"https:\/\/www.tiktok.com\/@beyondtype1\",\"https:\/\/www.linkedin.com\/company\/beyond-type1\/\"]}]}<\/script>\n<!-- \/ Yoast SEO plugin. -->","yoast_head_json":{"title":"\u00bfExiste relaci\u00f3n entre la depresi\u00f3n y la diabetes? | Beyond Type 1","description":"Investigaciones demuestran que si tienes diabetes, tu riesgo de desarrollar depresi\u00f3n es mayor al doble. Aqu\u00ed algunos conejos para su identificaci\u00f3n.","robots":{"index":"index","follow":"follow","max-snippet":"max-snippet:-1","max-image-preview":"max-image-preview:large","max-video-preview":"max-video-preview:-1"},"canonical":"https:\/\/beyondtype1.org\/es\/existe-relacion-entre-la-depresion-y-la-diabetes\/","og_locale":"es_ES","og_type":"article","og_title":"\u00bfExiste relaci\u00f3n entre la depresi\u00f3n y la diabetes? | Beyond Type 1","og_description":"Investigaciones demuestran que si tienes diabetes, tu riesgo de desarrollar depresi\u00f3n es mayor al doble. Aqu\u00ed algunos conejos para su identificaci\u00f3n.","og_url":"https:\/\/beyondtype1.org\/es\/existe-relacion-entre-la-depresion-y-la-diabetes\/","og_site_name":"Beyond Type 1","article_publisher":"https:\/\/www.facebook.com\/beyondtype1","article_modified_time":"2024-12-09T18:53:46+00:00","og_image":[{"width":768,"height":300,"url":"https:\/\/beyondtype1.org\/wp-content\/uploads\/2024\/12\/entrevistas-header-768x300-1.png","type":"image\/png"}],"twitter_card":"summary_large_image","twitter_site":"@BeyondType1","twitter_misc":{"Tiempo de lectura":"1 minuto"},"schema":{"@context":"https:\/\/schema.org","@graph":[{"@type":"WebPage","@id":"https:\/\/beyondtype1.org\/es\/existe-relacion-entre-la-depresion-y-la-diabetes\/","url":"https:\/\/beyondtype1.org\/es\/existe-relacion-entre-la-depresion-y-la-diabetes\/","name":"\u00bfExiste relaci\u00f3n entre la depresi\u00f3n y la diabetes? | Beyond Type 1","isPartOf":{"@id":"https:\/\/beyondtype1.org\/es\/#website"},"primaryImageOfPage":{"@id":"https:\/\/beyondtype1.org\/es\/existe-relacion-entre-la-depresion-y-la-diabetes\/#primaryimage"},"image":{"@id":"https:\/\/beyondtype1.org\/es\/existe-relacion-entre-la-depresion-y-la-diabetes\/#primaryimage"},"thumbnailUrl":"https:\/\/beyondtype1.org\/wp-content\/uploads\/2024\/12\/entrevistas-header-768x300-1.png","datePublished":"2018-12-20T23:03:44+00:00","dateModified":"2024-12-09T18:53:46+00:00","description":"Investigaciones demuestran que si tienes diabetes, tu riesgo de desarrollar depresi\u00f3n es mayor al doble. Aqu\u00ed algunos conejos para su identificaci\u00f3n.","breadcrumb":{"@id":"https:\/\/beyondtype1.org\/es\/existe-relacion-entre-la-depresion-y-la-diabetes\/#breadcrumb"},"inLanguage":"es","potentialAction":[{"@type":"ReadAction","target":["https:\/\/beyondtype1.org\/es\/existe-relacion-entre-la-depresion-y-la-diabetes\/"]}]},{"@type":"ImageObject","inLanguage":"es","@id":"https:\/\/beyondtype1.org\/es\/existe-relacion-entre-la-depresion-y-la-diabetes\/#primaryimage","url":"https:\/\/beyondtype1.org\/wp-content\/uploads\/2024\/12\/entrevistas-header-768x300-1.png","contentUrl":"https:\/\/beyondtype1.org\/wp-content\/uploads\/2024\/12\/entrevistas-header-768x300-1.png","width":768,"height":300},{"@type":"BreadcrumbList","@id":"https:\/\/beyondtype1.org\/es\/existe-relacion-entre-la-depresion-y-la-diabetes\/#breadcrumb","itemListElement":[{"@type":"ListItem","position":1,"name":"Home","item":"https:\/\/beyondtype1.org\/es\/"},{"@type":"ListItem","position":2,"name":"\u00bfExiste relaci\u00f3n entre la depresi\u00f3n y la diabetes?"}]},{"@type":"WebSite","@id":"https:\/\/beyondtype1.org\/es\/#website","url":"https:\/\/beyondtype1.org\/es\/","name":"Beyond Type 1","description":"Beyond Type 1 is the largest diabetes org online, funding advocacy, education and cure research.","publisher":{"@id":"https:\/\/beyondtype1.org\/es\/#organization"},"potentialAction":[{"@type":"SearchAction","target":{"@type":"EntryPoint","urlTemplate":"https:\/\/beyondtype1.org\/es\/?s={search_term_string}"},"query-input":{"@type":"PropertyValueSpecification","valueRequired":true,"valueName":"search_term_string"}}],"inLanguage":"es"},{"@type":"Organization","@id":"https:\/\/beyondtype1.org\/es\/#organization","name":"Beyond Type 1","url":"https:\/\/beyondtype1.org\/es\/","logo":{"@type":"ImageObject","inLanguage":"es","@id":"https:\/\/beyondtype1.org\/es\/#\/schema\/logo\/image\/","url":"https:\/\/beyondtype1.org\/wp-content\/uploads\/2025\/08\/header-logo.svg","contentUrl":"https:\/\/beyondtype1.org\/wp-content\/uploads\/2025\/08\/header-logo.svg","width":56,"height":56,"caption":"Beyond Type 1"},"image":{"@id":"https:\/\/beyondtype1.org\/es\/#\/schema\/logo\/image\/"},"sameAs":["https:\/\/www.facebook.com\/beyondtype1","https:\/\/x.com\/BeyondType1","http:\/\/instagram.com\/BeyondType1\/","https:\/\/www.youtube.com\/c\/BeyondType1","https:\/\/www.tiktok.com\/@beyondtype1","https:\/\/www.linkedin.com\/company\/beyond-type1\/"]}]}},"_links":{"self":[{"href":"https:\/\/beyondtype1.org\/es\/wp-json\/wp\/v2\/resources\/34518","targetHints":{"allow":["GET"]}}],"collection":[{"href":"https:\/\/beyondtype1.org\/es\/wp-json\/wp\/v2\/resources"}],"about":[{"href":"https:\/\/beyondtype1.org\/es\/wp-json\/wp\/v2\/types\/resources"}],"author":[{"embeddable":true,"href":"https:\/\/beyondtype1.org\/es\/wp-json\/wp\/v2\/users\/5"}],"replies":[{"embeddable":true,"href":"https:\/\/beyondtype1.org\/es\/wp-json\/wp\/v2\/comments?post=34518"}],"version-history":[{"count":0,"href":"https:\/\/beyondtype1.org\/es\/wp-json\/wp\/v2\/resources\/34518\/revisions"}],"wp:featuredmedia":[{"embeddable":true,"href":"https:\/\/beyondtype1.org\/es\/wp-json\/wp\/v2\/media\/34519"}],"wp:attachment":[{"href":"https:\/\/beyondtype1.org\/es\/wp-json\/wp\/v2\/media?parent=34518"}],"curies":[{"name":"wp","href":"https:\/\/api.w.org\/{rel}","templated":true}]}}